{"id":21401,"date":"2022-04-14T17:31:28","date_gmt":"2022-04-14T15:31:28","guid":{"rendered":"http:\/\/www.campaniaincammino.it\/?page_id=21401"},"modified":"2022-05-31T14:34:16","modified_gmt":"2022-05-31T12:34:16","slug":"campi-flegrei","status":"publish","type":"page","link":"https:\/\/www.campaniaincammino.it\/de\/campi-flegrei\/","title":{"rendered":"Campi Flegrei"},"content":{"rendered":"<div data-elementor-type=\"wp-page\" data-elementor-id=\"21401\" class=\"elementor elementor-21401\" data-elementor-settings=\"[]\">\n\t\t\t\t\t\t<div class=\"elementor-inner\">\n\t\t\t\t\t\t\t<div class=\"elementor-section-wrap\">\n\t\t\t\t\t\t\t<section class=\"elementor-section elementor-top-section elementor-element elementor-element-e62be94 elementor-section-content-middle dt-sc-content-image-section dt-section-wrap-col elementor-section-boxed elementor-section-height-default elementor-section-height-default\" data-id=\"e62be94\" data-element_type=\"section\" data-settings=\"{&quot;jet_parallax_layout_list&quot;:[{&quot;jet_parallax_layout_image&quot;:{&quot;url&quot;:&quot;&quot;,&quot;id&quot;:&quot;&quot;},&quot;_id&quot;:&quot;f4c855b&quot;,&quot;jet_parallax_layout_image_tablet&quot;:{&quot;url&quot;:&quot;&quot;,&quot;id&quot;:&quot;&quot;},&quot;jet_parallax_layout_image_mobile&quot;:{&quot;url&quot;:&quot;&quot;,&quot;id&quot;:&quot;&quot;},&quot;jet_parallax_layout_speed&quot;:{&quot;unit&quot;:&quot;%&quot;,&quot;size&quot;:50,&quot;sizes&quot;:[]},&quot;jet_parallax_layout_type&quot;:&quot;scroll&quot;,&quot;jet_parallax_layout_direction&quot;:null,&quot;jet_parallax_layout_fx_direction&quot;:null,&quot;jet_parallax_layout_z_index&quot;:&quot;&quot;,&quot;jet_parallax_layout_bg_x&quot;:50,&quot;jet_parallax_layout_bg_x_tablet&quot;:&quot;&quot;,&quot;jet_parallax_layout_bg_x_mobile&quot;:&quot;&quot;,&quot;jet_parallax_layout_bg_y&quot;:50,&quot;jet_parallax_layout_bg_y_tablet&quot;:&quot;&quot;,&quot;jet_parallax_layout_bg_y_mobile&quot;:&quot;&quot;,&quot;jet_parallax_layout_bg_size&quot;:&quot;auto&quot;,&quot;jet_parallax_layout_bg_size_tablet&quot;:&quot;&quot;,&quot;jet_parallax_layout_bg_size_mobile&quot;:&quot;&quot;,&quot;jet_parallax_layout_animation_prop&quot;:&quot;transform&quot;,&quot;jet_parallax_layout_on&quot;:[&quot;desktop&quot;,&quot;tablet&quot;]}],&quot;background_background&quot;:&quot;classic&quot;}\">\n\t\t\t\t\t\t<div class=\"elementor-container elementor-column-gap-no\">\n\t\t\t\t\t\t\t<div class=\"elementor-row\">\n\t\t\t\t\t<div class=\"elementor-column elementor-col-50 elementor-top-column elementor-element elementor-element-5d68be9 dt-sc-content-section dt-col-md-12\" data-id=\"5d68be9\" data-element_type=\"column\">\n\t\t\t<div class=\"elementor-column-wrap elementor-element-populated\">\n\t\t\t\t\t\t\t<div class=\"elementor-widget-wrap\">\n\t\t\t\t\t\t<div class=\"elementor-element elementor-element-7eb2b09 dt-sc-custom-heading dt-sc-custom-underline-decor elementor-widget elementor-widget-heading\" data-id=\"7eb2b09\" data-element_type=\"widget\" data-widget_type=\"heading.default\">\n\t\t\t\t<div class=\"elementor-widget-container\">\n\t\t\t<h2 class=\"elementor-heading-title elementor-size-default\">Campi Flegrei<\/h2>\t\t<\/div>\n\t\t\t\t<\/div>\n\t\t\t\t<div class=\"elementor-element elementor-element-3f5a305 elementor-widget elementor-widget-text-editor\" data-id=\"3f5a305\" data-element_type=\"widget\" data-widget_type=\"text-editor.default\">\n\t\t\t\t<div class=\"elementor-widget-container\">\n\t\t\t\t\t\t\t\t<div class=\"elementor-text-editor elementor-clearfix\">\n\t\t\t\t<p>Madame de Sta\u00ebl nannte sie \"die Region des Universums, in der Vulkane, Geschichte und Poesie weitere Spuren hinterlassen haben\". Wie viel Charme in einem einzigen Landstreifen! Reich an bezaubernden und magischen Orten, hat es nie aufgeh\u00f6rt, eine gro\u00dfe Faszination auf K\u00fcnstler, Schriftsteller, Dichter, Reisende und Wissenschaftler jeden Alters auszu\u00fcben, und hat im Laufe der Jahrhunderte alle Andeutungen einer illustren Vergangenheit bewahrt.<\/p><p>Es ist eine ausgesprochen vulkanische Region, die aus tief liegenden Kratern besteht, von denen einige durch die Einwirkung des Meeres deformiert und zerbrochen sind. Eine Landschaft aus charakteristischen H\u00fcgeln, kleinen Seen, herrlichen Panoramen, Formenvielfalt, Helligkeit des Meeres, ber\u00fchmten Aussichtspunkten. Das Land zeichnet sich durch seine au\u00dfergew\u00f6hnliche Fruchtbarkeit und eine kr\u00e4ftige Vegetation (Kastanienb\u00e4ume und Weinreben) aus. Der Charme dieser Region liegt in der Kraft, mit der Meer, Himmel und menschliche Werke sich verflechten und ein unvergleichliches Szenario bilden.<\/p>\t\t\t\t\t<\/div>\n\t\t\t\t\t\t<\/div>\n\t\t\t\t<\/div>\n\t\t\t\t<div class=\"elementor-element elementor-element-11aba81 elementor-widget elementor-widget-spacer\" data-id=\"11aba81\" data-element_type=\"widget\" data-widget_type=\"spacer.default\">\n\t\t\t\t<div class=\"elementor-widget-container\">\n\t\t\t\t\t<div class=\"elementor-spacer\">\n\t\t\t<div class=\"elementor-spacer-inner\"><\/div>\n\t\t<\/div>\n\t\t\t\t<\/div>\n\t\t\t\t<\/div>\n\t\t\t\t<div class=\"elementor-element elementor-element-9c88bf4 dt-sc-negative-image elementor-invisible elementor-widget elementor-widget-image\" data-id=\"9c88bf4\" data-element_type=\"widget\" data-settings=\"{&quot;_animation&quot;:&quot;fadeIn&quot;}\" data-widget_type=\"image.default\">\n\t\t\t\t<div class=\"elementor-widget-container\">\n\t\t\t\t\t\t\t\t<div class=\"elementor-image\">\n\t\t\t\t\t\t\t\t\t\t\t\t<img loading=\"lazy\" decoding=\"async\" width=\"1000\" height=\"520\" src=\"https:\/\/www.campaniaincammino.it\/wp-content\/uploads\/2022\/04\/campi-flegrei-filler-1.jpg\" class=\"attachment-full size-full\" alt=\"\" srcset=\"https:\/\/www.campaniaincammino.it\/wp-content\/uploads\/2022\/04\/campi-flegrei-filler-1.jpg 1000w, https:\/\/www.campaniaincammino.it\/wp-content\/uploads\/2022\/04\/campi-flegrei-filler-1-300x156.jpg 300w, https:\/\/www.campaniaincammino.it\/wp-content\/uploads\/2022\/04\/campi-flegrei-filler-1-768x399.jpg 768w, https:\/\/www.campaniaincammino.it\/wp-content\/uploads\/2022\/04\/campi-flegrei-filler-1-18x9.jpg 18w\" sizes=\"auto, (max-width: 1000px) 100vw, 1000px\" \/>\t\t\t\t\t\t\t\t\t\t\t\t\t\t<\/div>\n\t\t\t\t\t\t<\/div>\n\t\t\t\t<\/div>\n\t\t\t\t<div class=\"elementor-element elementor-element-838e1fc elementor-widget elementor-widget-spacer\" data-id=\"838e1fc\" data-element_type=\"widget\" data-widget_type=\"spacer.default\">\n\t\t\t\t<div class=\"elementor-widget-container\">\n\t\t\t\t\t<div class=\"elementor-spacer\">\n\t\t\t<div class=\"elementor-spacer-inner\"><\/div>\n\t\t<\/div>\n\t\t\t\t<\/div>\n\t\t\t\t<\/div>\n\t\t\t\t\t\t<\/div>\n\t\t\t\t\t<\/div>\n\t\t<\/div>\n\t\t\t\t<div class=\"elementor-column elementor-col-50 elementor-top-column elementor-element elementor-element-1f0fc36 dt-sc-image-section dt-col-md-12\" data-id=\"1f0fc36\" data-element_type=\"column\">\n\t\t\t<div class=\"elementor-column-wrap elementor-element-populated\">\n\t\t\t\t\t\t\t<div class=\"elementor-widget-wrap\">\n\t\t\t\t\t\t<div class=\"elementor-element elementor-element-5fe41b4 elementor-invisible elementor-widget elementor-widget-image\" data-id=\"5fe41b4\" data-element_type=\"widget\" data-settings=\"{&quot;_animation&quot;:&quot;fadeIn&quot;}\" data-widget_type=\"image.default\">\n\t\t\t\t<div class=\"elementor-widget-container\">\n\t\t\t\t\t\t\t\t<div class=\"elementor-image\">\n\t\t\t\t\t\t\t\t\t\t\t\t<img loading=\"lazy\" decoding=\"async\" width=\"1000\" height=\"1030\" src=\"https:\/\/www.campaniaincammino.it\/wp-content\/uploads\/2022\/04\/campi-flegrei-filler-2.jpg\" class=\"attachment-full size-full\" alt=\"\" srcset=\"https:\/\/www.campaniaincammino.it\/wp-content\/uploads\/2022\/04\/campi-flegrei-filler-2.jpg 1000w, https:\/\/www.campaniaincammino.it\/wp-content\/uploads\/2022\/04\/campi-flegrei-filler-2-291x300.jpg 291w, https:\/\/www.campaniaincammino.it\/wp-content\/uploads\/2022\/04\/campi-flegrei-filler-2-994x1024.jpg 994w, https:\/\/www.campaniaincammino.it\/wp-content\/uploads\/2022\/04\/campi-flegrei-filler-2-768x791.jpg 768w, https:\/\/www.campaniaincammino.it\/wp-content\/uploads\/2022\/04\/campi-flegrei-filler-2-746x768.jpg 746w, https:\/\/www.campaniaincammino.it\/wp-content\/uploads\/2022\/04\/campi-flegrei-filler-2-12x12.jpg 12w\" sizes=\"auto, (max-width: 1000px) 100vw, 1000px\" \/>\t\t\t\t\t\t\t\t\t\t\t\t\t\t<\/div>\n\t\t\t\t\t\t<\/div>\n\t\t\t\t<\/div>\n\t\t\t\t<div class=\"elementor-element elementor-element-13764a1 elementor-hidden-desktop elementor-widget elementor-widget-spacer\" data-id=\"13764a1\" data-element_type=\"widget\" data-widget_type=\"spacer.default\">\n\t\t\t\t<div class=\"elementor-widget-container\">\n\t\t\t\t\t<div class=\"elementor-spacer\">\n\t\t\t<div class=\"elementor-spacer-inner\"><\/div>\n\t\t<\/div>\n\t\t\t\t<\/div>\n\t\t\t\t<\/div>\n\t\t\t\t\t\t<\/div>\n\t\t\t\t\t<\/div>\n\t\t<\/div>\n\t\t\t\t\t\t\t\t<\/div>\n\t\t\t\t\t<\/div>\n\t\t<\/section>\n\t\t\t\t<section class=\"elementor-section elementor-top-section elementor-element elementor-element-361516d elementor-section-boxed elementor-section-height-default elementor-section-height-default\" data-id=\"361516d\" data-element_type=\"section\" data-settings=\"{&quot;jet_parallax_layout_list&quot;:[]}\">\n\t\t\t\t\t\t<div class=\"elementor-container elementor-column-gap-default\">\n\t\t\t\t\t\t\t<div class=\"elementor-row\">\n\t\t\t\t\t<div class=\"elementor-column elementor-col-100 elementor-top-column elementor-element elementor-element-8ae509d\" data-id=\"8ae509d\" data-element_type=\"column\">\n\t\t\t<div class=\"elementor-column-wrap elementor-element-populated\">\n\t\t\t\t\t\t\t<div class=\"elementor-widget-wrap\">\n\t\t\t\t\t\t<div class=\"elementor-element elementor-element-be249f9 elementor-widget elementor-widget-text-editor\" data-id=\"be249f9\" data-element_type=\"widget\" data-widget_type=\"text-editor.default\">\n\t\t\t\t<div class=\"elementor-widget-container\">\n\t\t\t\t\t\t\t\t<div class=\"elementor-text-editor elementor-clearfix\">\n\t\t\t\t<p>Das <strong>Parco dei Campi Flegrei<\/strong>, ein riesiges Gebiet zwischen Stadt und Natur, erstreckt sich nordwestlich von Neapel und umfasst auch Pozzuoli, Bacoli und Monte di Procida. Das Gebiet des Parks, das stark von seiner vulkanischen Natur gepr\u00e4gt ist, schreckt einerseits die Menschen ab, andererseits ist es eine Quelle au\u00dfergew\u00f6hnlichen touristischen Reichtums. Auf der Westseite des Parks wird die Landschaft durch das Vorhandensein verschiedener Seenformationen bereichert. Einige sind vulkanischen Ursprungs, wie der Averno-See und der kleinere Lucrino-See, der von brackiger Natur ist. Auf der anderen Seite sind der brackige Lago Fusaro und der Lago Miseno Lagunen-Ursprung.<\/p><p>Das Gebiet Campi Flegrei umfasst auch <strong>Posillipo<\/strong> mit seinen zahlreichen Sehensw\u00fcrdigkeiten: die \u00dcberreste des Wohnhauses \u201ePietra Salata\u201c, das heute am Capo di Posillipo unter Wasser liegt, Marechiaro, der Palazzo degli Spiriti, die Villa Pausilypon, der Virgilian-Park, die Posillipo-Grotte.<\/p><p>Dann wieder, <strong>Fuorigrotta<\/strong> mit den Thermen von via Terracina und <strong>Agnano<\/strong> mit den Ruinen der antiken r\u00f6mischen B\u00e4der, der Thermalanstalt, dem Hippodrom, dem Zentrum f\u00fcr Ingenieurwissenschaften der Universit\u00e4t Federico II von Neapel, der Hundeh\u00f6hle und dem Astroni-Krater mit seiner WWF-Oase.<\/p><p>Die antike Stadt <strong>Pozzuoli<\/strong> es wird auf einem tuffigen Vorgebirge gesammelt. Es ist ein unvergleichliches Touristen- und Handelszentrum, das sich durch seine g\u00fcnstige geografische Lage, die historische Tradition eines Bade- und Kurortes, die Gr\u00f6\u00dfe und Pracht seiner Denkm\u00e4ler, seine rebellische Natur und seinen farbenfrohen Hafen auszeichnet. In Pozzuoli lebt der Kult der antiken Mythen in Festivals und Shows wieder auf, wie bei der Veranstaltung \u201eDie Kultur des Mythos\u201c, die im Juli und August mit Theater- und Musikveranstaltungen organisiert wird. Das Fest des Schutzpatrons San Michele wird am 29. September gefeiert. Die antiken Urspr\u00fcnge und der sp\u00e4tere Glanz der Stadt werden durch die Anwesenheit beeindruckender architektonischer Werke belegt: das majest\u00e4tische neronisch-flavische Amphitheater; der Tempel von Serapis; der Tempel des Augustus und der des Neptun, eines der gr\u00f6\u00dften Spas im antiken Puteoli. Unter den Weilern von Pozzuoli weisen wir darauf hin <strong>Arco Felice<\/strong>, ein Land, das eine unersch\u00f6pfliche Vitalit\u00e4t freisetzt: Wasser, Luft, Erde und Feuer haben die Natur gro\u00dfz\u00fcgig, suggestiv und einladend gemacht. In diesem Gebiet trifft Mythos auf Realit\u00e4t, indem gro\u00dfartige Legenden mit starkem Aberglauben vermischt werden.<\/p><p>Ein arch\u00e4ologisches Zentrum von absoluter Bedeutung am westlichen Ende der Phlegr\u00e4ischen Felder ist <strong>Cuma<\/strong>. Kultur- und Zivilisationspol, von dem aus sich das Alphabet auf die Halbinsel ausbreitete, ist bekannt f\u00fcr das ber\u00fchmte Heiligtum der Sibylle von Cumae. Es hatte au\u00dfergew\u00f6hnliche Denkm\u00e4ler und war Schauplatz von Geschichten, die die arch\u00e4ologische Forschung nach und nach rekonstruiert. Das Amphitheater, die Akropolis mit ihren Tempeln, die Sibyllenh\u00f6hle, die r\u00f6mische Krypta, das Forum, die Nekropole: In dieser arch\u00e4ologischen Stadt, die als Wiege der griechischen Zivilisation in die Geschichte eingegangen ist, kann man in der Zeit reisen, lauschen zur faszinierenden Stimme der Vergangenheit, des Mythos und der Kultur.<\/p>\t\t\t\t\t<\/div>\n\t\t\t\t\t\t<\/div>\n\t\t\t\t<\/div>\n\t\t\t\t<div class=\"elementor-element elementor-element-7e41bc5 elementor-widget elementor-widget-spacer\" data-id=\"7e41bc5\" data-element_type=\"widget\" data-widget_type=\"spacer.default\">\n\t\t\t\t<div class=\"elementor-widget-container\">\n\t\t\t\t\t<div class=\"elementor-spacer\">\n\t\t\t<div class=\"elementor-spacer-inner\"><\/div>\n\t\t<\/div>\n\t\t\t\t<\/div>\n\t\t\t\t<\/div>\n\t\t\t\t\t\t<\/div>\n\t\t\t\t\t<\/div>\n\t\t<\/div>\n\t\t\t\t\t\t\t\t<\/div>\n\t\t\t\t\t<\/div>\n\t\t<\/section>\n\t\t\t\t<section class=\"elementor-section elementor-top-section elementor-element elementor-element-57ee801 elementor-section-stretched dt-sc-custom-parallax elementor-section-boxed elementor-section-height-default elementor-section-height-default\" data-id=\"57ee801\" data-element_type=\"section\" data-settings=\"{&quot;stretch_section&quot;:&quot;section-stretched&quot;,&quot;jet_parallax_layout_list&quot;:[{&quot;jet_parallax_layout_image&quot;:{&quot;url&quot;:&quot;&quot;,&quot;id&quot;:&quot;&quot;},&quot;_id&quot;:&quot;5539a2e&quot;,&quot;jet_parallax_layout_image_tablet&quot;:{&quot;url&quot;:&quot;&quot;,&quot;id&quot;:&quot;&quot;},&quot;jet_parallax_layout_image_mobile&quot;:{&quot;url&quot;:&quot;&quot;,&quot;id&quot;:&quot;&quot;},&quot;jet_parallax_layout_speed&quot;:{&quot;unit&quot;:&quot;%&quot;,&quot;size&quot;:50,&quot;sizes&quot;:[]},&quot;jet_parallax_layout_type&quot;:&quot;scroll&quot;,&quot;jet_parallax_layout_direction&quot;:null,&quot;jet_parallax_layout_fx_direction&quot;:null,&quot;jet_parallax_layout_z_index&quot;:&quot;&quot;,&quot;jet_parallax_layout_bg_x&quot;:50,&quot;jet_parallax_layout_bg_x_tablet&quot;:&quot;&quot;,&quot;jet_parallax_layout_bg_x_mobile&quot;:&quot;&quot;,&quot;jet_parallax_layout_bg_y&quot;:50,&quot;jet_parallax_layout_bg_y_tablet&quot;:&quot;&quot;,&quot;jet_parallax_layout_bg_y_mobile&quot;:&quot;&quot;,&quot;jet_parallax_layout_bg_size&quot;:&quot;auto&quot;,&quot;jet_parallax_layout_bg_size_tablet&quot;:&quot;&quot;,&quot;jet_parallax_layout_bg_size_mobile&quot;:&quot;&quot;,&quot;jet_parallax_layout_animation_prop&quot;:&quot;transform&quot;,&quot;jet_parallax_layout_on&quot;:[&quot;desktop&quot;,&quot;tablet&quot;]}],&quot;background_background&quot;:&quot;classic&quot;}\">\n\t\t\t\t\t\t<div class=\"elementor-container elementor-column-gap-no\">\n\t\t\t\t\t\t\t<div class=\"elementor-row\">\n\t\t\t\t\t<div class=\"elementor-column elementor-col-100 elementor-top-column elementor-element elementor-element-ec80d5d\" data-id=\"ec80d5d\" data-element_type=\"column\">\n\t\t\t<div class=\"elementor-column-wrap elementor-element-populated\">\n\t\t\t\t\t\t\t<div class=\"elementor-widget-wrap\">\n\t\t\t\t\t\t<div class=\"elementor-element elementor-element-af56f3d elementor-widget elementor-widget-spacer\" data-id=\"af56f3d\" data-element_type=\"widget\" data-widget_type=\"spacer.default\">\n\t\t\t\t<div class=\"elementor-widget-container\">\n\t\t\t\t\t<div class=\"elementor-spacer\">\n\t\t\t<div class=\"elementor-spacer-inner\"><\/div>\n\t\t<\/div>\n\t\t\t\t<\/div>\n\t\t\t\t<\/div>\n\t\t\t\t<div class=\"elementor-element elementor-element-188699c dt-sc-custom-heading dt-sc-sub-title elementor-widget elementor-widget-heading\" data-id=\"188699c\" data-element_type=\"widget\" data-widget_type=\"heading.default\">\n\t\t\t\t<div class=\"elementor-widget-container\">\n\t\t\t<h3 class=\"elementor-heading-title elementor-size-default\">Campania in Cammino<\/h3>\t\t<\/div>\n\t\t\t\t<\/div>\n\t\t\t\t<div class=\"elementor-element elementor-element-20e3852 dt-sc-custom-heading elementor-widget elementor-widget-heading\" data-id=\"20e3852\" data-element_type=\"widget\" data-widget_type=\"heading.default\">\n\t\t\t\t<div class=\"elementor-widget-container\">\n\t\t\t<h2 class=\"elementor-heading-title elementor-size-default\">Campi Flegrei<\/h2>\t\t<\/div>\n\t\t\t\t<\/div>\n\t\t\t\t<div class=\"elementor-element elementor-element-bdb89f5 elementor-align-center elementor-widget elementor-widget-dt-button\" data-id=\"bdb89f5\" data-element_type=\"widget\" data-widget_type=\"dt-button.default\">\n\t\t\t\t<div class=\"elementor-widget-container\">\n\t\t\t\t\t<div class=\"elementor-button-wrapper dt-elementor-button-wrapper\">\n\t\t\t<a href=\"http:\/\/www.campaniaincammino.it\/de\/eventi\/\" class=\"elementor-button-link dt-elementor-button-link elementor-button dt-elementor-button elementor-size-md\" role=\"button\">\n\t\t\t\t\t\t<span class=\"elementor-button-content-wrapper dt-elementor-button-content-wrapper\">\n\t\t\t\t\t\t<span class=\"elementor-button-icon elementor-align-icon-left\">\n\t\t\t\t<i aria-hidden=\"true\" class=\"far fa-hand-point-right\"><\/i>\t\t\t<\/span>\n\t\t\t\t\t\t<span class=\"elementor-button-text dt-elementor-button-text\">Buch<\/span>\n\t\t<\/span>\n\t\t\t\t\t<\/a>\n\t\t<\/div>\t\t<\/div>\n\t\t\t\t<\/div>\n\t\t\t\t<div class=\"elementor-element elementor-element-5216515 elementor-widget elementor-widget-spacer\" data-id=\"5216515\" data-element_type=\"widget\" data-widget_type=\"spacer.default\">\n\t\t\t\t<div class=\"elementor-widget-container\">\n\t\t\t\t\t<div class=\"elementor-spacer\">\n\t\t\t<div class=\"elementor-spacer-inner\"><\/div>\n\t\t<\/div>\n\t\t\t\t<\/div>\n\t\t\t\t<\/div>\n\t\t\t\t\t\t<\/div>\n\t\t\t\t\t<\/div>\n\t\t<\/div>\n\t\t\t\t\t\t\t\t<\/div>\n\t\t\t\t\t<\/div>\n\t\t<\/section>\n\t\t\t\t<section class=\"elementor-section elementor-top-section elementor-element elementor-element-e3bf063 elementor-section-boxed elementor-section-height-default elementor-section-height-default\" data-id=\"e3bf063\" data-element_type=\"section\" data-settings=\"{&quot;jet_parallax_layout_list&quot;:[]}\">\n\t\t\t\t\t\t<div class=\"elementor-container elementor-column-gap-default\">\n\t\t\t\t\t\t\t<div class=\"elementor-row\">\n\t\t\t\t\t<div class=\"elementor-column elementor-col-100 elementor-top-column elementor-element elementor-element-6cb4157\" data-id=\"6cb4157\" data-element_type=\"column\">\n\t\t\t<div class=\"elementor-column-wrap elementor-element-populated\">\n\t\t\t\t\t\t\t<div class=\"elementor-widget-wrap\">\n\t\t\t\t\t\t<div class=\"elementor-element elementor-element-69d2c54 elementor-widget elementor-widget-text-editor\" data-id=\"69d2c54\" data-element_type=\"widget\" data-widget_type=\"text-editor.default\">\n\t\t\t\t<div class=\"elementor-widget-container\">\n\t\t\t\t\t\t\t\t<div class=\"elementor-text-editor elementor-clearfix\">\n\t\t\t\t<p>Dort <strong>Solfatara von Pozzuoli<\/strong> es liegt zwischen dem See von Agnano und Pozzuoli. Es ist die Lokalit\u00e4t der Phlegr\u00e4ischen Felder, die die offensichtlichsten Ph\u00e4nomene vulkanischer Aktivit\u00e4t aufweist. Es sieht aus wie ein Naturforschungslabor und ist nun offen f\u00fcr die Beobachtung durch Geologen.<\/p><p>Heute <strong>Bacoli<\/strong> es ist die Tochter der Stadtentwicklung, die in der zweiten H\u00e4lfte des 20. Jahrhunderts stattfand, r\u00fchmt sich aber dennoch der Anwesenheit von Villen, die reich an Marmor und Mosaiken sind, die in der Vergangenheit gebaut wurden. Seine Gr\u00fcndung geht auf die alten R\u00f6mer zur\u00fcck, die ihm den Namen \u201eBauli\u201c gaben. Zur heutigen Gemeinde geh\u00f6ren neben dem heutigen Bacoli auch die Reste des antiken Bauli, die antiken r\u00f6mischen St\u00e4dte Baia (deren \u00dcberreste sich bis nach Fusaro erstrecken) und wiederum Miseno mit dem angegliederten Miliscola, Sitz der Pr\u00e4torianerflotte der R\u00f6mer Kaiser.<\/p><p>Und wie Orazio argumentierte: \u201eKein Golf der Welt leuchtet mehr als der angenehme <strong>Baia<\/strong>\". Definiert die <em>Franz\u00f6sische Riviera der Antike<\/em>, Baia war der reichste und modernste Badeort des ganzen Reiches, Schauplatz denkw\u00fcrdiger Ereignisse. Die kleine Stadt verbindet auf perfekte Weise Alt und Neu. Ein K\u00fcstendorf, ein Badeort und ein arch\u00e4ologisches Zentrum von gro\u00dfer Bedeutung, malerisch am Fu\u00dfe der gleichnamigen Bucht gelegen. Seine Sehensw\u00fcrdigkeiten sind zahlreich: der Arch\u00e4ologische Park von Baia, der Diana-Tempel, der Merkur-Tempel, der Venus-Tempel, das Schloss von Baia, das Arch\u00e4ologische Museum der Phlegr\u00e4ischen Felder, der Arch\u00e4ologische Park von Baia, Capo Miseno ist ein idealer Ort f\u00fcr alle, die Zeit in der Natur verbringen und naturalistische Trekkingrouten unternehmen m\u00f6chten.<\/p><p>Und um unsere Reise in den Phlegr\u00e4ischen Feldern zu beenden, schauen wir von ihrer Terrasse aus, <strong>Monte di Procida<\/strong>. Dies ist der extremste und panoramischste Teil der gesamten Halbinsel. Eine perfekte Kombination aus Meereslandschaften von seltener Pracht und alter Architektur, die im Dorf Cappella Vecchia erhalten geblieben ist. Die Insel San Martino ist eine kleine Privatinsel, die sich in der Gemeinde Monte di Procida befindet und durch einen langen und sehr engen Tunnel und einen unsicheren Pier zug\u00e4nglich ist. Urspr\u00fcnglich bildete diese kleine Insel eine einzige Landzunge mit dem Monte di Procida, aber sp\u00e4ter brach sie aufgrund des Tsunamis ab. Die Insel San Martino ist heute ein faszinierendes Touristenziel, ein angenehmer, bezaubernder Ort. In seinem Meeresboden, der reich an Fisch und Meeresfr\u00fcchten ist, ist Tauchen ein Muss.<\/p>\t\t\t\t\t<\/div>\n\t\t\t\t\t\t<\/div>\n\t\t\t\t<\/div>\n\t\t\t\t\t\t<\/div>\n\t\t\t\t\t<\/div>\n\t\t<\/div>\n\t\t\t\t\t\t\t\t<\/div>\n\t\t\t\t\t<\/div>\n\t\t<\/section>\n\t\t\t\t<section class=\"elementor-section elementor-top-section elementor-element elementor-element-3b5f271 elementor-section-boxed elementor-section-height-default elementor-section-height-default\" data-id=\"3b5f271\" data-element_type=\"section\" data-settings=\"{&quot;jet_parallax_layout_list&quot;:[]}\">\n\t\t\t\t\t\t<div class=\"elementor-container elementor-column-gap-default\">\n\t\t\t\t\t\t\t<div class=\"elementor-row\">\n\t\t\t\t\t<div class=\"elementor-column elementor-col-100 elementor-top-column elementor-element elementor-element-18f1b2c\" data-id=\"18f1b2c\" data-element_type=\"column\">\n\t\t\t<div class=\"elementor-column-wrap elementor-element-populated\">\n\t\t\t\t\t\t\t<div class=\"elementor-widget-wrap\">\n\t\t\t\t\t\t<div class=\"elementor-element elementor-element-01a8ca3 elementor-widget elementor-widget-spacer\" data-id=\"01a8ca3\" data-element_type=\"widget\" data-widget_type=\"spacer.default\">\n\t\t\t\t<div class=\"elementor-widget-container\">\n\t\t\t\t\t<div class=\"elementor-spacer\">\n\t\t\t<div class=\"elementor-spacer-inner\"><\/div>\n\t\t<\/div>\n\t\t\t\t<\/div>\n\t\t\t\t<\/div>\n\t\t\t\t\t\t<\/div>\n\t\t\t\t\t<\/div>\n\t\t<\/div>\n\t\t\t\t\t\t\t\t<\/div>\n\t\t\t\t\t<\/div>\n\t\t<\/section>\n\t\t\t\t<section class=\"elementor-section elementor-top-section elementor-element elementor-element-d41dd01 elementor-section-boxed elementor-section-height-default elementor-section-height-default\" data-id=\"d41dd01\" data-element_type=\"section\" data-settings=\"{&quot;jet_parallax_layout_list&quot;:[]}\">\n\t\t\t\t\t\t<div class=\"elementor-container elementor-column-gap-default\">\n\t\t\t\t\t\t\t<div class=\"elementor-row\">\n\t\t\t\t\t<div class=\"elementor-column elementor-col-100 elementor-top-column elementor-element elementor-element-c3cea3a\" data-id=\"c3cea3a\" data-element_type=\"column\">\n\t\t\t<div class=\"elementor-column-wrap elementor-element-populated\">\n\t\t\t\t\t\t\t<div class=\"elementor-widget-wrap\">\n\t\t\t\t\t\t<div class=\"elementor-element elementor-element-b37266c elementor-widget elementor-widget-heading\" data-id=\"b37266c\" data-element_type=\"widget\" data-widget_type=\"heading.default\">\n\t\t\t\t<div class=\"elementor-widget-container\">\n\t\t\t<h2 class=\"elementor-heading-title elementor-size-default\">Informationsanfrage<\/h2>\t\t<\/div>\n\t\t\t\t<\/div>\n\t\t\t\t<div class=\"elementor-element elementor-element-603d4ee elementor-widget elementor-widget-spacer\" data-id=\"603d4ee\" data-element_type=\"widget\" data-widget_type=\"spacer.default\">\n\t\t\t\t<div class=\"elementor-widget-container\">\n\t\t\t\t\t<div class=\"elementor-spacer\">\n\t\t\t<div class=\"elementor-spacer-inner\"><\/div>\n\t\t<\/div>\n\t\t\t\t<\/div>\n\t\t\t\t<\/div>\n\t\t\t\t<div class=\"elementor-element elementor-element-f84a8b8 elementor-widget elementor-widget-contact-form-7\" data-id=\"f84a8b8\" data-element_type=\"widget\" data-widget_type=\"contact-form-7.default\">\n\t\t\t\t<div class=\"elementor-widget-container\">\n\t\t\t<div class=\"elementor-contact-form-7 jet-elements\">\n<div class=\"wpcf7 no-js\" id=\"wpcf7-f22269-o1\" lang=\"it-IT\" dir=\"ltr\" data-wpcf7-id=\"22269\">\n<div class=\"screen-reader-response\"><p role=\"status\" aria-live=\"polite\" aria-atomic=\"true\"><\/p> <ul><\/ul><\/div>\n<form action=\"\/de\/wp-json\/wp\/v2\/pages\/21401#wpcf7-f22269-o1\" method=\"post\" class=\"wpcf7-form init\" aria-label=\"Modulo di contatto\" novalidate=\"novalidate\" data-status=\"init\" data-trp-original-action=\"\/de\/wp-json\/wp\/v2\/pages\/21401#wpcf7-f22269-o1\">\n<div style=\"display: none;\">\n<input type=\"hidden\" name=\"_wpcf7\" value=\"22269\" \/>\n<input type=\"hidden\" name=\"_wpcf7_version\" value=\"6.0.6\" \/>\n<input type=\"hidden\" name=\"_wpcf7_locale\" value=\"it_IT\" \/>\n<input type=\"hidden\" name=\"_wpcf7_unit_tag\" value=\"wpcf7-f22269-o1\" \/>\n<input type=\"hidden\" name=\"_wpcf7_container_post\" value=\"0\" \/>\n<input type=\"hidden\" name=\"_wpcf7_posted_data_hash\" value=\"\" \/>\n<input type=\"hidden\" name=\"_wpcf7_recaptcha_response\" value=\"\" \/>\n<\/div>\n<p><span class=\"wpcf7-form-control-wrap\" data-name=\"your-name\"><input size=\"40\" maxlength=\"400\" class=\"wpcf7-form-control wpcf7-text wpcf7-validates-as-required\" aria-required=\"true\" aria-invalid=\"false\" placeholder=\"Vorname\" value=\"\" type=\"text\" name=\"your-name\" \/><\/span>\n<\/p>\n<p><span class=\"wpcf7-form-control-wrap\" data-name=\"your-email\"><input size=\"40\" maxlength=\"400\" class=\"wpcf7-form-control wpcf7-email wpcf7-validates-as-required wpcf7-text wpcf7-validates-as-email\" aria-required=\"true\" aria-invalid=\"false\" placeholder=\"Email\" value=\"\" type=\"email\" name=\"your-email\" \/><\/span>\n<\/p>\n<p><span class=\"wpcf7-form-control-wrap\" data-name=\"your-subject\"><input size=\"40\" maxlength=\"400\" class=\"wpcf7-form-control wpcf7-text wpcf7-validates-as-required\" aria-required=\"true\" aria-invalid=\"false\" placeholder=\"Objekt\" value=\"\" type=\"text\" name=\"your-subject\" \/><\/span>\n<\/p>\n<p><span class=\"wpcf7-form-control-wrap\" data-name=\"your-message\"><textarea cols=\"5\" rows=\"1\" maxlength=\"2000\" class=\"wpcf7-form-control wpcf7-textarea wpcf7-validates-as-required\" aria-required=\"true\" aria-invalid=\"false\" placeholder=\"Hallo, ich habe Interesse...\" name=\"your-message\"><\/textarea><\/span>\n<\/p>\n<p><span class=\"wpcf7-form-control-wrap\" data-name=\"accettazione-gdpr\"><span class=\"wpcf7-form-control wpcf7-acceptance\"><span class=\"wpcf7-list-item\"><label><input type=\"checkbox\" name=\"accettazione-gdpr\" value=\"1\" aria-invalid=\"false\" \/><span class=\"wpcf7-list-item-label\">Ich lese das<a href=\"http:\/\/www.campaniaincammino.it\/de\/privacy-policy\/\" rel=\"nofollow\" target=\"_blank\">Haftungsausschluss<\/a> und ich stimme der Verarbeitung personenbezogener Daten gem\u00e4\u00df Art. 13 GDPR 679\/2016 der Europ\u00e4ischen Verordnung zum Schutz personenbezogener Daten und des Gesetzesdekrets. 101\/2018.<\/span><\/label><\/span><\/span><\/span><br \/>\n<br \/>\n<input class=\"wpcf7-form-control wpcf7-submit has-spinner\" type=\"submit\" value=\"Senden\" \/>\n<\/p>\n<p>* Diese Website ist durch reCAPTCHA und die gesch\u00fctzt <a href=\"https:\/\/policies.google.com\/privacy\" rel=\"nofollow\" target=\"_blank\">Datenschutz-Bestimmungen<\/a> und <a href=\"https:\/\/policies.google.com\/terms\" rel=\"nofollow\" target=\"_blank\">Nutzungsbedingungen<\/a> von Google.\n<\/p><div class=\"wpcf7-response-output\" aria-hidden=\"true\"><\/div>\n<input type=\"hidden\" name=\"trp-form-language\" value=\"de\"\/><\/form>\n<\/div>\n<\/div>\t\t<\/div>\n\t\t\t\t<\/div>\n\t\t\t\t\t\t<\/div>\n\t\t\t\t\t<\/div>\n\t\t<\/div>\n\t\t\t\t\t\t\t\t<\/div>\n\t\t\t\t\t<\/div>\n\t\t<\/section>\n\t\t\t\t\t\t<\/div>\n\t\t\t\t\t\t<\/div>\n\t\t\t\t\t<\/div>","protected":false},"excerpt":{"rendered":"<p>Campi Flegrei Madame de Sta\u00ebl li definiva \u201cla regione dell\u2019universo ove i vulcani, la storia, la poesia hanno lasciato pi\u00f9 tracce\u201d. Quanto fascino in un solo lembo di terra! Ricco di incantevoli e magici luoghi, non ha mai smesso di esercitare un gran fascino su artisti, letterati, poeti, viaggiatori e scienziati di ogni epoca, conservando [&hellip;]<\/p>","protected":false},"author":1,"featured_media":21853,"parent":0,"menu_order":0,"comment_status":"closed","ping_status":"closed","template":"","meta":{"_exactmetrics_skip_tracking":false,"_exactmetrics_sitenote_active":false,"_exactmetrics_sitenote_note":"","_exactmetrics_sitenote_category":0,"footnotes":""},"class_list":["post-21401","page","type-page","status-publish","has-post-thumbnail","hentry"],"yoast_head":"<!-- This site is optimized with the Yoast SEO plugin v25.3 - https:\/\/yoast.com\/wordpress\/plugins\/seo\/ -->\n<title>Campi Flegrei - Campania in Cammino<\/title>\n<meta name=\"description\" content=\"Madame de Sta\u00ebl li definiva \u201cla regione dell\u2019universo ove i vulcani, la storia, la poesia hanno lasciato pi\u00f9 tracce\u201d. Quanto fascino in un solo lembo di terra! Ricco di incantevoli e magici luoghi, non ha mai smesso di\" \/>\n<meta name=\"robots\" content=\"index, follow, max-snippet:-1, max-image-preview:large, max-video-preview:-1\" \/>\n<link rel=\"canonical\" href=\"https:\/\/www.campaniaincammino.it\/de\/campi-flegrei\/\" \/>\n<meta property=\"og:locale\" content=\"de_DE\" \/>\n<meta property=\"og:type\" content=\"article\" \/>\n<meta property=\"og:title\" content=\"Campi Flegrei - Campania in Cammino\" \/>\n<meta property=\"og:description\" content=\"Madame de Sta\u00ebl li definiva \u201cla regione dell\u2019universo ove i vulcani, la storia, la poesia hanno lasciato pi\u00f9 tracce\u201d. Quanto fascino in un solo lembo di terra! Ricco di incantevoli e magici luoghi, non ha mai smesso di\" \/>\n<meta property=\"og:url\" content=\"https:\/\/www.campaniaincammino.it\/de\/campi-flegrei\/\" \/>\n<meta property=\"og:site_name\" content=\"Campania in Cammino\" \/>\n<meta property=\"article:publisher\" content=\"https:\/\/www.facebook.com\/campania.in.cammino.official\" \/>\n<meta property=\"article:modified_time\" content=\"2022-05-31T12:34:16+00:00\" \/>\n<meta property=\"og:image\" content=\"https:\/\/www.campaniaincammino.it\/wp-content\/uploads\/2022\/04\/img-slide-campi-flegrei.jpg\" \/>\n\t<meta property=\"og:image:width\" content=\"1920\" \/>\n\t<meta property=\"og:image:height\" content=\"766\" \/>\n\t<meta property=\"og:image:type\" content=\"image\/jpeg\" \/>\n<meta name=\"twitter:card\" content=\"summary_large_image\" \/>\n<meta name=\"twitter:label1\" content=\"Gesch\u00e4tzte Lesezeit\" \/>\n\t<meta name=\"twitter:data1\" content=\"6\u00a0Minuten\" \/>\n<script type=\"application\/ld+json\" class=\"yoast-schema-graph\">{\"@context\":\"https:\/\/schema.org\",\"@graph\":[{\"@type\":\"WebPage\",\"@id\":\"https:\/\/www.campaniaincammino.it\/campi-flegrei\/\",\"url\":\"https:\/\/www.campaniaincammino.it\/campi-flegrei\/\",\"name\":\"Campi Flegrei - Campania in Cammino\",\"isPartOf\":{\"@id\":\"https:\/\/www.campaniaincammino.it\/#website\"},\"primaryImageOfPage\":{\"@id\":\"https:\/\/www.campaniaincammino.it\/campi-flegrei\/#primaryimage\"},\"image\":{\"@id\":\"https:\/\/www.campaniaincammino.it\/campi-flegrei\/#primaryimage\"},\"thumbnailUrl\":\"https:\/\/www.campaniaincammino.it\/wp-content\/uploads\/2022\/04\/img-slide-campi-flegrei.jpg\",\"datePublished\":\"2022-04-14T15:31:28+00:00\",\"dateModified\":\"2022-05-31T12:34:16+00:00\",\"description\":\"Madame de Sta\u00ebl li definiva \u201cla regione dell\u2019universo ove i vulcani, la storia, la poesia hanno lasciato pi\u00f9 tracce\u201d. Quanto fascino in un solo lembo di terra! Ricco di incantevoli e magici luoghi, non ha mai smesso di\",\"breadcrumb\":{\"@id\":\"https:\/\/www.campaniaincammino.it\/campi-flegrei\/#breadcrumb\"},\"inLanguage\":\"de\",\"potentialAction\":[{\"@type\":\"ReadAction\",\"target\":[\"https:\/\/www.campaniaincammino.it\/campi-flegrei\/\"]}]},{\"@type\":\"ImageObject\",\"inLanguage\":\"de\",\"@id\":\"https:\/\/www.campaniaincammino.it\/campi-flegrei\/#primaryimage\",\"url\":\"https:\/\/www.campaniaincammino.it\/wp-content\/uploads\/2022\/04\/img-slide-campi-flegrei.jpg\",\"contentUrl\":\"https:\/\/www.campaniaincammino.it\/wp-content\/uploads\/2022\/04\/img-slide-campi-flegrei.jpg\",\"width\":1920,\"height\":766},{\"@type\":\"BreadcrumbList\",\"@id\":\"https:\/\/www.campaniaincammino.it\/campi-flegrei\/#breadcrumb\",\"itemListElement\":[{\"@type\":\"ListItem\",\"position\":1,\"name\":\"Home\",\"item\":\"https:\/\/www.campaniaincammino.it\/\"},{\"@type\":\"ListItem\",\"position\":2,\"name\":\"Campi Flegrei\"}]},{\"@type\":\"WebSite\",\"@id\":\"https:\/\/www.campaniaincammino.it\/#website\",\"url\":\"https:\/\/www.campaniaincammino.it\/\",\"name\":\"Campania in Cammino\",\"description\":\"\",\"publisher\":{\"@id\":\"https:\/\/www.campaniaincammino.it\/#organization\"},\"potentialAction\":[{\"@type\":\"SearchAction\",\"target\":{\"@type\":\"EntryPoint\",\"urlTemplate\":\"https:\/\/www.campaniaincammino.it\/?s={search_term_string}\"},\"query-input\":{\"@type\":\"PropertyValueSpecification\",\"valueRequired\":true,\"valueName\":\"search_term_string\"}}],\"inLanguage\":\"de\"},{\"@type\":\"Organization\",\"@id\":\"https:\/\/www.campaniaincammino.it\/#organization\",\"name\":\"Campania in Cammino\",\"url\":\"https:\/\/www.campaniaincammino.it\/\",\"logo\":{\"@type\":\"ImageObject\",\"inLanguage\":\"de\",\"@id\":\"https:\/\/www.campaniaincammino.it\/#\/schema\/logo\/image\/\",\"url\":\"http:\/\/www.campaniaincammino.it\/wp-content\/uploads\/2021\/07\/logo-campaniaincammino.png\",\"contentUrl\":\"http:\/\/www.campaniaincammino.it\/wp-content\/uploads\/2021\/07\/logo-campaniaincammino.png\",\"width\":500,\"height\":200,\"caption\":\"Campania in Cammino\"},\"image\":{\"@id\":\"https:\/\/www.campaniaincammino.it\/#\/schema\/logo\/image\/\"},\"sameAs\":[\"https:\/\/www.facebook.com\/campania.in.cammino.official\",\"https:\/\/www.instagram.com\/campania_incammino\/\"]}]}<\/script>\n<!-- \/ Yoast SEO plugin. -->","yoast_head_json":{"title":"Campi Flegrei - Campania in Cammino","description":"Madame de Sta\u00ebl li definiva \u201cla regione dell\u2019universo ove i vulcani, la storia, la poesia hanno lasciato pi\u00f9 tracce\u201d. Quanto fascino in un solo lembo di terra! Ricco di incantevoli e magici luoghi, non ha mai smesso di","robots":{"index":"index","follow":"follow","max-snippet":"max-snippet:-1","max-image-preview":"max-image-preview:large","max-video-preview":"max-video-preview:-1"},"canonical":"https:\/\/www.campaniaincammino.it\/de\/campi-flegrei\/","og_locale":"de_DE","og_type":"article","og_title":"Campi Flegrei - Campania in Cammino","og_description":"Madame de Sta\u00ebl li definiva \u201cla regione dell\u2019universo ove i vulcani, la storia, la poesia hanno lasciato pi\u00f9 tracce\u201d. Quanto fascino in un solo lembo di terra! Ricco di incantevoli e magici luoghi, non ha mai smesso di","og_url":"https:\/\/www.campaniaincammino.it\/de\/campi-flegrei\/","og_site_name":"Campania in Cammino","article_publisher":"https:\/\/www.facebook.com\/campania.in.cammino.official","article_modified_time":"2022-05-31T12:34:16+00:00","og_image":[{"width":1920,"height":766,"url":"https:\/\/www.campaniaincammino.it\/wp-content\/uploads\/2022\/04\/img-slide-campi-flegrei.jpg","type":"image\/jpeg"}],"twitter_card":"summary_large_image","twitter_misc":{"Gesch\u00e4tzte Lesezeit":"6\u00a0Minuten"},"schema":{"@context":"https:\/\/schema.org","@graph":[{"@type":"WebPage","@id":"https:\/\/www.campaniaincammino.it\/campi-flegrei\/","url":"https:\/\/www.campaniaincammino.it\/campi-flegrei\/","name":"Campi Flegrei - Campania in Cammino","isPartOf":{"@id":"https:\/\/www.campaniaincammino.it\/#website"},"primaryImageOfPage":{"@id":"https:\/\/www.campaniaincammino.it\/campi-flegrei\/#primaryimage"},"image":{"@id":"https:\/\/www.campaniaincammino.it\/campi-flegrei\/#primaryimage"},"thumbnailUrl":"https:\/\/www.campaniaincammino.it\/wp-content\/uploads\/2022\/04\/img-slide-campi-flegrei.jpg","datePublished":"2022-04-14T15:31:28+00:00","dateModified":"2022-05-31T12:34:16+00:00","description":"Madame de Sta\u00ebl li definiva \u201cla regione dell\u2019universo ove i vulcani, la storia, la poesia hanno lasciato pi\u00f9 tracce\u201d. Quanto fascino in un solo lembo di terra! Ricco di incantevoli e magici luoghi, non ha mai smesso di","breadcrumb":{"@id":"https:\/\/www.campaniaincammino.it\/campi-flegrei\/#breadcrumb"},"inLanguage":"de","potentialAction":[{"@type":"ReadAction","target":["https:\/\/www.campaniaincammino.it\/campi-flegrei\/"]}]},{"@type":"ImageObject","inLanguage":"de","@id":"https:\/\/www.campaniaincammino.it\/campi-flegrei\/#primaryimage","url":"https:\/\/www.campaniaincammino.it\/wp-content\/uploads\/2022\/04\/img-slide-campi-flegrei.jpg","contentUrl":"https:\/\/www.campaniaincammino.it\/wp-content\/uploads\/2022\/04\/img-slide-campi-flegrei.jpg","width":1920,"height":766},{"@type":"BreadcrumbList","@id":"https:\/\/www.campaniaincammino.it\/campi-flegrei\/#breadcrumb","itemListElement":[{"@type":"ListItem","position":1,"name":"Home","item":"https:\/\/www.campaniaincammino.it\/"},{"@type":"ListItem","position":2,"name":"Campi Flegrei"}]},{"@type":"WebSite","@id":"https:\/\/www.campaniaincammino.it\/#website","url":"https:\/\/www.campaniaincammino.it\/","name":"Campania in Cammino","description":"","publisher":{"@id":"https:\/\/www.campaniaincammino.it\/#organization"},"potentialAction":[{"@type":"SearchAction","target":{"@type":"EntryPoint","urlTemplate":"https:\/\/www.campaniaincammino.it\/?s={search_term_string}"},"query-input":{"@type":"PropertyValueSpecification","valueRequired":true,"valueName":"search_term_string"}}],"inLanguage":"de"},{"@type":"Organization","@id":"https:\/\/www.campaniaincammino.it\/#organization","name":"Campania in Cammino","url":"https:\/\/www.campaniaincammino.it\/","logo":{"@type":"ImageObject","inLanguage":"de","@id":"https:\/\/www.campaniaincammino.it\/#\/schema\/logo\/image\/","url":"http:\/\/www.campaniaincammino.it\/wp-content\/uploads\/2021\/07\/logo-campaniaincammino.png","contentUrl":"http:\/\/www.campaniaincammino.it\/wp-content\/uploads\/2021\/07\/logo-campaniaincammino.png","width":500,"height":200,"caption":"Campania in Cammino"},"image":{"@id":"https:\/\/www.campaniaincammino.it\/#\/schema\/logo\/image\/"},"sameAs":["https:\/\/www.facebook.com\/campania.in.cammino.official","https:\/\/www.instagram.com\/campania_incammino\/"]}]}},"_links":{"self":[{"href":"https:\/\/www.campaniaincammino.it\/de\/wp-json\/wp\/v2\/pages\/21401","targetHints":{"allow":["GET"]}}],"collection":[{"href":"https:\/\/www.campaniaincammino.it\/de\/wp-json\/wp\/v2\/pages"}],"about":[{"href":"https:\/\/www.campaniaincammino.it\/de\/wp-json\/wp\/v2\/types\/page"}],"author":[{"embeddable":true,"href":"https:\/\/www.campaniaincammino.it\/de\/wp-json\/wp\/v2\/users\/1"}],"replies":[{"embeddable":true,"href":"https:\/\/www.campaniaincammino.it\/de\/wp-json\/wp\/v2\/comments?post=21401"}],"version-history":[{"count":38,"href":"https:\/\/www.campaniaincammino.it\/de\/wp-json\/wp\/v2\/pages\/21401\/revisions"}],"predecessor-version":[{"id":22681,"href":"https:\/\/www.campaniaincammino.it\/de\/wp-json\/wp\/v2\/pages\/21401\/revisions\/22681"}],"wp:featuredmedia":[{"embeddable":true,"href":"https:\/\/www.campaniaincammino.it\/de\/wp-json\/wp\/v2\/media\/21853"}],"wp:attachment":[{"href":"https:\/\/www.campaniaincammino.it\/de\/wp-json\/wp\/v2\/media?parent=21401"}],"curies":[{"name":"wp","href":"https:\/\/api.w.org\/{rel}","templated":true}]}}