{"id":21654,"date":"2022-04-28T13:48:31","date_gmt":"2022-04-28T11:48:31","guid":{"rendered":"http:\/\/www.campaniaincammino.it\/?page_id=21654"},"modified":"2022-05-31T14:38:07","modified_gmt":"2022-05-31T12:38:07","slug":"ceraso-velia","status":"publish","type":"page","link":"https:\/\/www.campaniaincammino.it\/de\/ceraso-velia\/","title":{"rendered":"Ceraso \u2013 Velia"},"content":{"rendered":"<div data-elementor-type=\"wp-page\" data-elementor-id=\"21654\" class=\"elementor elementor-21654\" data-elementor-settings=\"[]\">\n\t\t\t\t\t\t<div class=\"elementor-inner\">\n\t\t\t\t\t\t\t<div class=\"elementor-section-wrap\">\n\t\t\t\t\t\t\t<section class=\"elementor-section elementor-top-section elementor-element elementor-element-e62be94 elementor-section-content-middle dt-sc-content-image-section dt-section-wrap-col elementor-section-boxed elementor-section-height-default elementor-section-height-default\" data-id=\"e62be94\" data-element_type=\"section\" data-settings=\"{&quot;jet_parallax_layout_list&quot;:[{&quot;jet_parallax_layout_image&quot;:{&quot;url&quot;:&quot;&quot;,&quot;id&quot;:&quot;&quot;},&quot;_id&quot;:&quot;f4c855b&quot;,&quot;jet_parallax_layout_image_tablet&quot;:{&quot;url&quot;:&quot;&quot;,&quot;id&quot;:&quot;&quot;},&quot;jet_parallax_layout_image_mobile&quot;:{&quot;url&quot;:&quot;&quot;,&quot;id&quot;:&quot;&quot;},&quot;jet_parallax_layout_speed&quot;:{&quot;unit&quot;:&quot;%&quot;,&quot;size&quot;:50,&quot;sizes&quot;:[]},&quot;jet_parallax_layout_type&quot;:&quot;scroll&quot;,&quot;jet_parallax_layout_direction&quot;:null,&quot;jet_parallax_layout_fx_direction&quot;:null,&quot;jet_parallax_layout_z_index&quot;:&quot;&quot;,&quot;jet_parallax_layout_bg_x&quot;:50,&quot;jet_parallax_layout_bg_x_tablet&quot;:&quot;&quot;,&quot;jet_parallax_layout_bg_x_mobile&quot;:&quot;&quot;,&quot;jet_parallax_layout_bg_y&quot;:50,&quot;jet_parallax_layout_bg_y_tablet&quot;:&quot;&quot;,&quot;jet_parallax_layout_bg_y_mobile&quot;:&quot;&quot;,&quot;jet_parallax_layout_bg_size&quot;:&quot;auto&quot;,&quot;jet_parallax_layout_bg_size_tablet&quot;:&quot;&quot;,&quot;jet_parallax_layout_bg_size_mobile&quot;:&quot;&quot;,&quot;jet_parallax_layout_animation_prop&quot;:&quot;transform&quot;,&quot;jet_parallax_layout_on&quot;:[&quot;desktop&quot;,&quot;tablet&quot;]}],&quot;background_background&quot;:&quot;classic&quot;}\">\n\t\t\t\t\t\t<div class=\"elementor-container elementor-column-gap-no\">\n\t\t\t\t\t\t\t<div class=\"elementor-row\">\n\t\t\t\t\t<div class=\"elementor-column elementor-col-50 elementor-top-column elementor-element elementor-element-5d68be9 dt-sc-content-section dt-col-md-12\" data-id=\"5d68be9\" data-element_type=\"column\">\n\t\t\t<div class=\"elementor-column-wrap elementor-element-populated\">\n\t\t\t\t\t\t\t<div class=\"elementor-widget-wrap\">\n\t\t\t\t\t\t<div class=\"elementor-element elementor-element-7eb2b09 dt-sc-custom-heading dt-sc-custom-underline-decor elementor-widget elementor-widget-heading\" data-id=\"7eb2b09\" data-element_type=\"widget\" data-widget_type=\"heading.default\">\n\t\t\t\t<div class=\"elementor-widget-container\">\n\t\t\t<h2 class=\"elementor-heading-title elementor-size-default\">Ceraso \u2013 Velia<\/h2>\t\t<\/div>\n\t\t\t\t<\/div>\n\t\t\t\t<div class=\"elementor-element elementor-element-3f5a305 elementor-widget elementor-widget-text-editor\" data-id=\"3f5a305\" data-element_type=\"widget\" data-widget_type=\"text-editor.default\">\n\t\t\t\t<div class=\"elementor-widget-container\">\n\t\t\t\t\t\t\t\t<div class=\"elementor-text-editor elementor-clearfix\">\n\t\t\t\t<p>Der Nationalpark Cilento, Vallo di Diano und Alburni ist ein Naturschutzgebiet, das dem s\u00fcdlichen Teil der Provinz Salerno entspricht, zwischen der Sele-Ebene im Norden, der Basilicata im Osten und S\u00fcden und dem Tyrrhenischen Meer im Westen. Seit 1997 ist er ein Biosph\u00e4renreservat und seit 2010 ist er der erste italienische Nationalpark, der zum Geopark wurde. Der Cilento-Nationalpark ist eine Kreuzung zahlreicher alter Pfade und stellt entlang des s\u00fcdlichen Apennins einen wichtigen Knotenpunkt im nationalen Wandernetz dar. Bei einem Spaziergang entlang der alten Routen, die zu den eindrucksvollsten Orten des Parks f\u00fchren, zwischen Panoramen und Landschaften, die vom Meer bis zu den H\u00fcgeln und Bergen reichen, verzaubert und verf\u00fchrt die unber\u00fchrte Natur dieses gesch\u00fctzten Gebiets. In diesen Gebieten reduziert sich das Trekking nicht auf eine k\u00f6rperliche \u00dcbung, sondern wird zu einem Werkzeug, um die Umwelt, das Territorium und die Kultur der lokalen Gemeinschaften zu entdecken. Es wird daher zu einer Form des Wissens, der Nutzbarkeit und der Aufwertung des Territoriums.<\/p>\t\t\t\t\t<\/div>\n\t\t\t\t\t\t<\/div>\n\t\t\t\t<\/div>\n\t\t\t\t<div class=\"elementor-element elementor-element-11aba81 elementor-widget elementor-widget-spacer\" data-id=\"11aba81\" data-element_type=\"widget\" data-widget_type=\"spacer.default\">\n\t\t\t\t<div class=\"elementor-widget-container\">\n\t\t\t\t\t<div class=\"elementor-spacer\">\n\t\t\t<div class=\"elementor-spacer-inner\"><\/div>\n\t\t<\/div>\n\t\t\t\t<\/div>\n\t\t\t\t<\/div>\n\t\t\t\t<div class=\"elementor-element elementor-element-9c88bf4 dt-sc-negative-image elementor-invisible elementor-widget elementor-widget-image\" data-id=\"9c88bf4\" data-element_type=\"widget\" data-settings=\"{&quot;_animation&quot;:&quot;fadeIn&quot;}\" data-widget_type=\"image.default\">\n\t\t\t\t<div class=\"elementor-widget-container\">\n\t\t\t\t\t\t\t\t<div class=\"elementor-image\">\n\t\t\t\t\t\t\t\t\t\t\t\t<img loading=\"lazy\" decoding=\"async\" width=\"1000\" height=\"520\" src=\"https:\/\/www.campaniaincammino.it\/wp-content\/uploads\/2022\/04\/ceraso-velia-filler-1.jpg\" class=\"attachment-full size-full\" alt=\"\" srcset=\"https:\/\/www.campaniaincammino.it\/wp-content\/uploads\/2022\/04\/ceraso-velia-filler-1.jpg 1000w, https:\/\/www.campaniaincammino.it\/wp-content\/uploads\/2022\/04\/ceraso-velia-filler-1-300x156.jpg 300w, https:\/\/www.campaniaincammino.it\/wp-content\/uploads\/2022\/04\/ceraso-velia-filler-1-768x399.jpg 768w, https:\/\/www.campaniaincammino.it\/wp-content\/uploads\/2022\/04\/ceraso-velia-filler-1-18x9.jpg 18w\" sizes=\"auto, (max-width: 1000px) 100vw, 1000px\" \/>\t\t\t\t\t\t\t\t\t\t\t\t\t\t<\/div>\n\t\t\t\t\t\t<\/div>\n\t\t\t\t<\/div>\n\t\t\t\t<div class=\"elementor-element elementor-element-838e1fc elementor-widget elementor-widget-spacer\" data-id=\"838e1fc\" data-element_type=\"widget\" data-widget_type=\"spacer.default\">\n\t\t\t\t<div class=\"elementor-widget-container\">\n\t\t\t\t\t<div class=\"elementor-spacer\">\n\t\t\t<div class=\"elementor-spacer-inner\"><\/div>\n\t\t<\/div>\n\t\t\t\t<\/div>\n\t\t\t\t<\/div>\n\t\t\t\t\t\t<\/div>\n\t\t\t\t\t<\/div>\n\t\t<\/div>\n\t\t\t\t<div class=\"elementor-column elementor-col-50 elementor-top-column elementor-element elementor-element-1f0fc36 dt-sc-image-section dt-col-md-12\" data-id=\"1f0fc36\" data-element_type=\"column\">\n\t\t\t<div class=\"elementor-column-wrap elementor-element-populated\">\n\t\t\t\t\t\t\t<div class=\"elementor-widget-wrap\">\n\t\t\t\t\t\t<div class=\"elementor-element elementor-element-5fe41b4 elementor-invisible elementor-widget elementor-widget-image\" data-id=\"5fe41b4\" data-element_type=\"widget\" data-settings=\"{&quot;_animation&quot;:&quot;fadeIn&quot;}\" data-widget_type=\"image.default\">\n\t\t\t\t<div class=\"elementor-widget-container\">\n\t\t\t\t\t\t\t\t<div class=\"elementor-image\">\n\t\t\t\t\t\t\t\t\t\t\t\t<img loading=\"lazy\" decoding=\"async\" width=\"1000\" height=\"1030\" src=\"https:\/\/www.campaniaincammino.it\/wp-content\/uploads\/2022\/04\/ceraso-velia-filler-2.jpg\" class=\"attachment-full size-full\" alt=\"\" srcset=\"https:\/\/www.campaniaincammino.it\/wp-content\/uploads\/2022\/04\/ceraso-velia-filler-2.jpg 1000w, https:\/\/www.campaniaincammino.it\/wp-content\/uploads\/2022\/04\/ceraso-velia-filler-2-291x300.jpg 291w, https:\/\/www.campaniaincammino.it\/wp-content\/uploads\/2022\/04\/ceraso-velia-filler-2-994x1024.jpg 994w, https:\/\/www.campaniaincammino.it\/wp-content\/uploads\/2022\/04\/ceraso-velia-filler-2-768x791.jpg 768w, https:\/\/www.campaniaincammino.it\/wp-content\/uploads\/2022\/04\/ceraso-velia-filler-2-746x768.jpg 746w, https:\/\/www.campaniaincammino.it\/wp-content\/uploads\/2022\/04\/ceraso-velia-filler-2-12x12.jpg 12w\" sizes=\"auto, (max-width: 1000px) 100vw, 1000px\" \/>\t\t\t\t\t\t\t\t\t\t\t\t\t\t<\/div>\n\t\t\t\t\t\t<\/div>\n\t\t\t\t<\/div>\n\t\t\t\t<div class=\"elementor-element elementor-element-13764a1 elementor-hidden-desktop elementor-widget elementor-widget-spacer\" data-id=\"13764a1\" data-element_type=\"widget\" data-widget_type=\"spacer.default\">\n\t\t\t\t<div class=\"elementor-widget-container\">\n\t\t\t\t\t<div class=\"elementor-spacer\">\n\t\t\t<div class=\"elementor-spacer-inner\"><\/div>\n\t\t<\/div>\n\t\t\t\t<\/div>\n\t\t\t\t<\/div>\n\t\t\t\t\t\t<\/div>\n\t\t\t\t\t<\/div>\n\t\t<\/div>\n\t\t\t\t\t\t\t\t<\/div>\n\t\t\t\t\t<\/div>\n\t\t<\/section>\n\t\t\t\t<section class=\"elementor-section elementor-top-section elementor-element elementor-element-361516d elementor-section-boxed elementor-section-height-default elementor-section-height-default\" data-id=\"361516d\" data-element_type=\"section\" data-settings=\"{&quot;jet_parallax_layout_list&quot;:[]}\">\n\t\t\t\t\t\t<div class=\"elementor-container elementor-column-gap-default\">\n\t\t\t\t\t\t\t<div class=\"elementor-row\">\n\t\t\t\t\t<div class=\"elementor-column elementor-col-100 elementor-top-column elementor-element elementor-element-8ae509d\" data-id=\"8ae509d\" data-element_type=\"column\">\n\t\t\t<div class=\"elementor-column-wrap elementor-element-populated\">\n\t\t\t\t\t\t\t<div class=\"elementor-widget-wrap\">\n\t\t\t\t\t\t<div class=\"elementor-element elementor-element-be249f9 elementor-widget elementor-widget-text-editor\" data-id=\"be249f9\" data-element_type=\"widget\" data-widget_type=\"text-editor.default\">\n\t\t\t\t<div class=\"elementor-widget-container\">\n\t\t\t\t\t\t\t\t<div class=\"elementor-text-editor elementor-clearfix\">\n\t\t\t\t<p>Seit 1998 geh\u00f6rt es mit den arch\u00e4ologischen St\u00e4tten von Paestum und Velia und der Certosa di Padula auch zum UNESCO-Weltkulturerbe. Ausgrabungen von <strong>Velia<\/strong> (Elea) sind eines der Schmuckst\u00fccke des Parks Vallo di Diano. Die \u00dcberreste dieser antiken Stadt befinden sich im Gebiet von Ascea Marina, einem wichtigen Badeort zwischen Agropoli und Palinuro. Das Hafengebiet, Porta Marina, Porta Rosa, die Hellenistischen B\u00e4der und die R\u00f6mischen B\u00e4der, die Agora, die Akropolis, das S\u00fcdviertel und das Archaische Viertel sind \u00dcberreste der antiken Stadt. Seine Ausgrabungen bereichern heute das touristische Angebot an der K\u00fcste des Cilento.<\/p><p>Velia ist eine Reise durch die Geschichte, Entspannung und alte Aromen wie \u201eMuzzarella co 'a Mortedda\u201c, Mozzarella in Mortedda, ein gestreckter Quark, der aus der Umwandlung von Kuhmilch gewonnen wird. Seine Herstellung wurde von alten Hirten und Kleinproduzenten \u00fcberliefert. Der Name leitet sich von der Konservierung von Mozzarella mit Myrtenbl\u00e4ttern und nicht mit Salz ab. Gerade die lange Tradition, die Qualit\u00e4t und die Verbundenheit mit dem Territorium haben dazu gef\u00fchrt, dass es in die nationale Liste der traditionellen landwirtschaftlichen Lebensmittelprodukte (PAT) aufgenommen wurde.<\/p>\t\t\t\t\t<\/div>\n\t\t\t\t\t\t<\/div>\n\t\t\t\t<\/div>\n\t\t\t\t<div class=\"elementor-element elementor-element-7e41bc5 elementor-widget elementor-widget-spacer\" data-id=\"7e41bc5\" data-element_type=\"widget\" data-widget_type=\"spacer.default\">\n\t\t\t\t<div class=\"elementor-widget-container\">\n\t\t\t\t\t<div class=\"elementor-spacer\">\n\t\t\t<div class=\"elementor-spacer-inner\"><\/div>\n\t\t<\/div>\n\t\t\t\t<\/div>\n\t\t\t\t<\/div>\n\t\t\t\t\t\t<\/div>\n\t\t\t\t\t<\/div>\n\t\t<\/div>\n\t\t\t\t\t\t\t\t<\/div>\n\t\t\t\t\t<\/div>\n\t\t<\/section>\n\t\t\t\t<section class=\"elementor-section elementor-top-section elementor-element elementor-element-57ee801 elementor-section-stretched dt-sc-custom-parallax elementor-section-boxed elementor-section-height-default elementor-section-height-default\" data-id=\"57ee801\" data-element_type=\"section\" data-settings=\"{&quot;stretch_section&quot;:&quot;section-stretched&quot;,&quot;jet_parallax_layout_list&quot;:[{&quot;jet_parallax_layout_image&quot;:{&quot;url&quot;:&quot;&quot;,&quot;id&quot;:&quot;&quot;},&quot;_id&quot;:&quot;5539a2e&quot;,&quot;jet_parallax_layout_image_tablet&quot;:{&quot;url&quot;:&quot;&quot;,&quot;id&quot;:&quot;&quot;},&quot;jet_parallax_layout_image_mobile&quot;:{&quot;url&quot;:&quot;&quot;,&quot;id&quot;:&quot;&quot;},&quot;jet_parallax_layout_speed&quot;:{&quot;unit&quot;:&quot;%&quot;,&quot;size&quot;:50,&quot;sizes&quot;:[]},&quot;jet_parallax_layout_type&quot;:&quot;scroll&quot;,&quot;jet_parallax_layout_direction&quot;:null,&quot;jet_parallax_layout_fx_direction&quot;:null,&quot;jet_parallax_layout_z_index&quot;:&quot;&quot;,&quot;jet_parallax_layout_bg_x&quot;:50,&quot;jet_parallax_layout_bg_x_tablet&quot;:&quot;&quot;,&quot;jet_parallax_layout_bg_x_mobile&quot;:&quot;&quot;,&quot;jet_parallax_layout_bg_y&quot;:50,&quot;jet_parallax_layout_bg_y_tablet&quot;:&quot;&quot;,&quot;jet_parallax_layout_bg_y_mobile&quot;:&quot;&quot;,&quot;jet_parallax_layout_bg_size&quot;:&quot;auto&quot;,&quot;jet_parallax_layout_bg_size_tablet&quot;:&quot;&quot;,&quot;jet_parallax_layout_bg_size_mobile&quot;:&quot;&quot;,&quot;jet_parallax_layout_animation_prop&quot;:&quot;transform&quot;,&quot;jet_parallax_layout_on&quot;:[&quot;desktop&quot;,&quot;tablet&quot;]}],&quot;background_background&quot;:&quot;classic&quot;}\">\n\t\t\t\t\t\t<div class=\"elementor-container elementor-column-gap-no\">\n\t\t\t\t\t\t\t<div class=\"elementor-row\">\n\t\t\t\t\t<div class=\"elementor-column elementor-col-100 elementor-top-column elementor-element elementor-element-ec80d5d\" data-id=\"ec80d5d\" data-element_type=\"column\">\n\t\t\t<div class=\"elementor-column-wrap elementor-element-populated\">\n\t\t\t\t\t\t\t<div class=\"elementor-widget-wrap\">\n\t\t\t\t\t\t<div class=\"elementor-element elementor-element-af56f3d elementor-widget elementor-widget-spacer\" data-id=\"af56f3d\" data-element_type=\"widget\" data-widget_type=\"spacer.default\">\n\t\t\t\t<div class=\"elementor-widget-container\">\n\t\t\t\t\t<div class=\"elementor-spacer\">\n\t\t\t<div class=\"elementor-spacer-inner\"><\/div>\n\t\t<\/div>\n\t\t\t\t<\/div>\n\t\t\t\t<\/div>\n\t\t\t\t<div class=\"elementor-element elementor-element-188699c dt-sc-custom-heading dt-sc-sub-title elementor-widget elementor-widget-heading\" data-id=\"188699c\" data-element_type=\"widget\" data-widget_type=\"heading.default\">\n\t\t\t\t<div class=\"elementor-widget-container\">\n\t\t\t<h3 class=\"elementor-heading-title elementor-size-default\">Campania in Cammino<\/h3>\t\t<\/div>\n\t\t\t\t<\/div>\n\t\t\t\t<div class=\"elementor-element elementor-element-20e3852 dt-sc-custom-heading elementor-widget elementor-widget-heading\" data-id=\"20e3852\" data-element_type=\"widget\" data-widget_type=\"heading.default\">\n\t\t\t\t<div class=\"elementor-widget-container\">\n\t\t\t<h2 class=\"elementor-heading-title elementor-size-default\">Ceraso \u2013 Velia<\/h2>\t\t<\/div>\n\t\t\t\t<\/div>\n\t\t\t\t<div class=\"elementor-element elementor-element-d7c1517 elementor-align-center elementor-widget elementor-widget-dt-button\" data-id=\"d7c1517\" data-element_type=\"widget\" data-widget_type=\"dt-button.default\">\n\t\t\t\t<div class=\"elementor-widget-container\">\n\t\t\t\t\t<div class=\"elementor-button-wrapper dt-elementor-button-wrapper\">\n\t\t\t<a href=\"http:\/\/www.campaniaincammino.it\/de\/eventi\/\" class=\"elementor-button-link dt-elementor-button-link elementor-button dt-elementor-button elementor-size-md\" role=\"button\">\n\t\t\t\t\t\t<span class=\"elementor-button-content-wrapper dt-elementor-button-content-wrapper\">\n\t\t\t\t\t\t<span class=\"elementor-button-icon elementor-align-icon-left\">\n\t\t\t\t<i aria-hidden=\"true\" class=\"far fa-hand-point-right\"><\/i>\t\t\t<\/span>\n\t\t\t\t\t\t<span class=\"elementor-button-text dt-elementor-button-text\">Buch<\/span>\n\t\t<\/span>\n\t\t\t\t\t<\/a>\n\t\t<\/div>\t\t<\/div>\n\t\t\t\t<\/div>\n\t\t\t\t<div class=\"elementor-element elementor-element-5216515 elementor-widget elementor-widget-spacer\" data-id=\"5216515\" data-element_type=\"widget\" data-widget_type=\"spacer.default\">\n\t\t\t\t<div class=\"elementor-widget-container\">\n\t\t\t\t\t<div class=\"elementor-spacer\">\n\t\t\t<div class=\"elementor-spacer-inner\"><\/div>\n\t\t<\/div>\n\t\t\t\t<\/div>\n\t\t\t\t<\/div>\n\t\t\t\t\t\t<\/div>\n\t\t\t\t\t<\/div>\n\t\t<\/div>\n\t\t\t\t\t\t\t\t<\/div>\n\t\t\t\t\t<\/div>\n\t\t<\/section>\n\t\t\t\t<section class=\"elementor-section elementor-top-section elementor-element elementor-element-e3bf063 elementor-section-boxed elementor-section-height-default elementor-section-height-default\" data-id=\"e3bf063\" data-element_type=\"section\" data-settings=\"{&quot;jet_parallax_layout_list&quot;:[]}\">\n\t\t\t\t\t\t<div class=\"elementor-container elementor-column-gap-default\">\n\t\t\t\t\t\t\t<div class=\"elementor-row\">\n\t\t\t\t\t<div class=\"elementor-column elementor-col-100 elementor-top-column elementor-element elementor-element-6cb4157\" data-id=\"6cb4157\" data-element_type=\"column\">\n\t\t\t<div class=\"elementor-column-wrap elementor-element-populated\">\n\t\t\t\t\t\t\t<div class=\"elementor-widget-wrap\">\n\t\t\t\t\t\t<div class=\"elementor-element elementor-element-69d2c54 elementor-widget elementor-widget-text-editor\" data-id=\"69d2c54\" data-element_type=\"widget\" data-widget_type=\"text-editor.default\">\n\t\t\t\t<div class=\"elementor-widget-container\">\n\t\t\t\t\t\t\t\t<div class=\"elementor-text-editor elementor-clearfix\">\n\t\t\t\t<p>Eine weitere Gemeinde, die in den Cilento-Nationalpark f\u00e4llt, ist <strong>Ceraso<\/strong>. Besonders angenehm ist ein Besuch im Sommer, da man hier ein k\u00fchles und regenerierendes Klima genie\u00dfen kann. Die Stadt hat sehr alte Urspr\u00fcnge. Tats\u00e4chlich war es schon in der griechischen Zeit ein Stra\u00dfenknotenpunkt, denn von hier zweigte die \u201eSalzstra\u00dfe\u201c ab, der k\u00fcrzeste Weg nach Novi, Civitella und Gioi. In einem solchen Stra\u00dfenzentrum entstand sehr wahrscheinlich bereits w\u00e4hrend der Punischen Kriege ein bewohnter Kern, als der Ort aufgrund seiner geografischen Lage zu einem nat\u00fcrlichen Sortierzentrum f\u00fcr das Edelholz f\u00fcr Schiffe wurde, das aus den umliegenden W\u00e4ldern f\u00fcr die velini H\u00f6fe. Im Gegensatz zu verschiedenen Hypothesen haben wir eine historische Gewissheit: Der Vicus nahm seinen Lebensrhythmus mit der Ankunft der italienisch-griechischen Ordensleute wieder auf, die das Gebiet mit ihren Familien neu bev\u00f6lkerten. Ceraso war das einzige Bauernhaus der alten Baronie und dann des Staates Novi, der die Ereignisse und das Schicksal des Lehens bis zur Abschaffung des Feudalismus im Jahr 1806 verfolgte. Aber der naturalistische Aspekt ist nur eine seiner St\u00e4rken. Ceraso r\u00fchmt sich in der Tat auch eines bedeutenden historisch-religi\u00f6sen Erbes, das wir in zahlreichen Sakralbauten finden: die Kirche S. Nicola, die Kapellen S. Silvestro und S. Giuseppe, die Kirche Sant\u2019Antonio.<\/p><p>Das Ceraso-Gebiet war bekannt f\u00fcr seine fruchtbaren B\u00f6den, reich an Kalkstein, Kiesels\u00e4ure und Ton, die gro\u00dfz\u00fcgige Weine hervorbrachten, darunter Trester, die auch in der neapolitanischen Hauptstadt sehr bekannt sind. Noch heute ist der Anbau von Olivenb\u00e4umen und Weinreben, Annurche-\u00c4pfeln und Kastanien in dieser Stadt des Cilento sehr beliebt.<\/p><p>Die Gemeinschaft von Ceraso ist einladend und fr\u00f6hlich, bereit zum Teilen und f\u00fcr Momente der Unbeschwertheit, besonders in den Sommermonaten, die Themenpartys gewidmet sind: Der Juni ist der Monat des antiken Weizenfestes; im August gibt es einen Termin mit dem Festival der gebratenen Pizzen und dem Festival des Flusses Palistro. Jedes Jahr wird entlang des Flussufers die Verkostung typischer gastronomischer Produkte des Cilento mit Musikdarbietungen und folkloristischen T\u00e4nzen organisiert. Dieses Festival zielt auch darauf ab, das Bewusstsein f\u00fcr das Naturerbe der Region zu sch\u00e4rfen.<\/p><p>Wenn Sie bezaubernde Landschaften, Geschichte und festliche Atmosph\u00e4ren suchen, warten Ceraso und Velia auf Sie.<\/p>\t\t\t\t\t<\/div>\n\t\t\t\t\t\t<\/div>\n\t\t\t\t<\/div>\n\t\t\t\t\t\t<\/div>\n\t\t\t\t\t<\/div>\n\t\t<\/div>\n\t\t\t\t\t\t\t\t<\/div>\n\t\t\t\t\t<\/div>\n\t\t<\/section>\n\t\t\t\t<section class=\"elementor-section elementor-top-section elementor-element elementor-element-7603ce9 elementor-section-boxed elementor-section-height-default elementor-section-height-default\" data-id=\"7603ce9\" data-element_type=\"section\" data-settings=\"{&quot;jet_parallax_layout_list&quot;:[]}\">\n\t\t\t\t\t\t<div class=\"elementor-container elementor-column-gap-default\">\n\t\t\t\t\t\t\t<div class=\"elementor-row\">\n\t\t\t\t\t<div class=\"elementor-column elementor-col-100 elementor-top-column elementor-element elementor-element-f9c97c6\" data-id=\"f9c97c6\" data-element_type=\"column\">\n\t\t\t<div class=\"elementor-column-wrap elementor-element-populated\">\n\t\t\t\t\t\t\t<div class=\"elementor-widget-wrap\">\n\t\t\t\t\t\t<div class=\"elementor-element elementor-element-cacb591 elementor-widget elementor-widget-spacer\" data-id=\"cacb591\" data-element_type=\"widget\" data-widget_type=\"spacer.default\">\n\t\t\t\t<div class=\"elementor-widget-container\">\n\t\t\t\t\t<div class=\"elementor-spacer\">\n\t\t\t<div class=\"elementor-spacer-inner\"><\/div>\n\t\t<\/div>\n\t\t\t\t<\/div>\n\t\t\t\t<\/div>\n\t\t\t\t\t\t<\/div>\n\t\t\t\t\t<\/div>\n\t\t<\/div>\n\t\t\t\t\t\t\t\t<\/div>\n\t\t\t\t\t<\/div>\n\t\t<\/section>\n\t\t\t\t<section class=\"elementor-section elementor-top-section elementor-element elementor-element-e57bec4 elementor-section-boxed elementor-section-height-default elementor-section-height-default\" data-id=\"e57bec4\" data-element_type=\"section\" data-settings=\"{&quot;jet_parallax_layout_list&quot;:[]}\">\n\t\t\t\t\t\t<div class=\"elementor-container elementor-column-gap-default\">\n\t\t\t\t\t\t\t<div class=\"elementor-row\">\n\t\t\t\t\t<div class=\"elementor-column elementor-col-100 elementor-top-column elementor-element elementor-element-37e60f8\" data-id=\"37e60f8\" data-element_type=\"column\">\n\t\t\t<div class=\"elementor-column-wrap elementor-element-populated\">\n\t\t\t\t\t\t\t<div class=\"elementor-widget-wrap\">\n\t\t\t\t\t\t<div class=\"elementor-element elementor-element-2e07671 elementor-widget elementor-widget-heading\" data-id=\"2e07671\" data-element_type=\"widget\" data-widget_type=\"heading.default\">\n\t\t\t\t<div class=\"elementor-widget-container\">\n\t\t\t<h2 class=\"elementor-heading-title elementor-size-default\">Informationsanfrage<\/h2>\t\t<\/div>\n\t\t\t\t<\/div>\n\t\t\t\t<div class=\"elementor-element elementor-element-b782281 elementor-widget elementor-widget-spacer\" data-id=\"b782281\" data-element_type=\"widget\" data-widget_type=\"spacer.default\">\n\t\t\t\t<div class=\"elementor-widget-container\">\n\t\t\t\t\t<div class=\"elementor-spacer\">\n\t\t\t<div class=\"elementor-spacer-inner\"><\/div>\n\t\t<\/div>\n\t\t\t\t<\/div>\n\t\t\t\t<\/div>\n\t\t\t\t<div class=\"elementor-element elementor-element-1018128 elementor-widget elementor-widget-contact-form-7\" data-id=\"1018128\" data-element_type=\"widget\" data-widget_type=\"contact-form-7.default\">\n\t\t\t\t<div class=\"elementor-widget-container\">\n\t\t\t<div class=\"elementor-contact-form-7 jet-elements\">\n<div class=\"wpcf7 no-js\" id=\"wpcf7-f22269-o1\" lang=\"it-IT\" dir=\"ltr\" data-wpcf7-id=\"22269\">\n<div class=\"screen-reader-response\"><p role=\"status\" aria-live=\"polite\" aria-atomic=\"true\"><\/p> <ul><\/ul><\/div>\n<form action=\"\/de\/wp-json\/wp\/v2\/pages\/21654#wpcf7-f22269-o1\" method=\"post\" class=\"wpcf7-form init\" aria-label=\"Modulo di contatto\" novalidate=\"novalidate\" data-status=\"init\" data-trp-original-action=\"\/de\/wp-json\/wp\/v2\/pages\/21654#wpcf7-f22269-o1\">\n<div style=\"display: none;\">\n<input type=\"hidden\" name=\"_wpcf7\" value=\"22269\" \/>\n<input type=\"hidden\" name=\"_wpcf7_version\" value=\"6.0.6\" \/>\n<input type=\"hidden\" name=\"_wpcf7_locale\" value=\"it_IT\" \/>\n<input type=\"hidden\" name=\"_wpcf7_unit_tag\" value=\"wpcf7-f22269-o1\" \/>\n<input type=\"hidden\" name=\"_wpcf7_container_post\" value=\"0\" \/>\n<input type=\"hidden\" name=\"_wpcf7_posted_data_hash\" value=\"\" \/>\n<input type=\"hidden\" name=\"_wpcf7_recaptcha_response\" value=\"\" \/>\n<\/div>\n<p><span class=\"wpcf7-form-control-wrap\" data-name=\"your-name\"><input size=\"40\" maxlength=\"400\" class=\"wpcf7-form-control wpcf7-text wpcf7-validates-as-required\" aria-required=\"true\" aria-invalid=\"false\" placeholder=\"Vorname\" value=\"\" type=\"text\" name=\"your-name\" \/><\/span>\n<\/p>\n<p><span class=\"wpcf7-form-control-wrap\" data-name=\"your-email\"><input size=\"40\" maxlength=\"400\" class=\"wpcf7-form-control wpcf7-email wpcf7-validates-as-required wpcf7-text wpcf7-validates-as-email\" aria-required=\"true\" aria-invalid=\"false\" placeholder=\"Email\" value=\"\" type=\"email\" name=\"your-email\" \/><\/span>\n<\/p>\n<p><span class=\"wpcf7-form-control-wrap\" data-name=\"your-subject\"><input size=\"40\" maxlength=\"400\" class=\"wpcf7-form-control wpcf7-text wpcf7-validates-as-required\" aria-required=\"true\" aria-invalid=\"false\" placeholder=\"Objekt\" value=\"\" type=\"text\" name=\"your-subject\" \/><\/span>\n<\/p>\n<p><span class=\"wpcf7-form-control-wrap\" data-name=\"your-message\"><textarea cols=\"5\" rows=\"1\" maxlength=\"2000\" class=\"wpcf7-form-control wpcf7-textarea wpcf7-validates-as-required\" aria-required=\"true\" aria-invalid=\"false\" placeholder=\"Hallo, ich habe Interesse...\" name=\"your-message\"><\/textarea><\/span>\n<\/p>\n<p><span class=\"wpcf7-form-control-wrap\" data-name=\"accettazione-gdpr\"><span class=\"wpcf7-form-control wpcf7-acceptance\"><span class=\"wpcf7-list-item\"><label><input type=\"checkbox\" name=\"accettazione-gdpr\" value=\"1\" aria-invalid=\"false\" \/><span class=\"wpcf7-list-item-label\">Ich lese das<a href=\"http:\/\/www.campaniaincammino.it\/de\/privacy-policy\/\" rel=\"nofollow\" target=\"_blank\">Haftungsausschluss<\/a> und ich stimme der Verarbeitung personenbezogener Daten gem\u00e4\u00df Art. 13 GDPR 679\/2016 der Europ\u00e4ischen Verordnung zum Schutz personenbezogener Daten und des Gesetzesdekrets. 101\/2018.<\/span><\/label><\/span><\/span><\/span><br \/>\n<br \/>\n<input class=\"wpcf7-form-control wpcf7-submit has-spinner\" type=\"submit\" value=\"Senden\" \/>\n<\/p>\n<p>* Diese Website ist durch reCAPTCHA und die gesch\u00fctzt <a href=\"https:\/\/policies.google.com\/privacy\" rel=\"nofollow\" target=\"_blank\">Datenschutz-Bestimmungen<\/a> und <a href=\"https:\/\/policies.google.com\/terms\" rel=\"nofollow\" target=\"_blank\">Nutzungsbedingungen<\/a> von Google.\n<\/p><div class=\"wpcf7-response-output\" aria-hidden=\"true\"><\/div>\n<input type=\"hidden\" name=\"trp-form-language\" value=\"de\"\/><\/form>\n<\/div>\n<\/div>\t\t<\/div>\n\t\t\t\t<\/div>\n\t\t\t\t\t\t<\/div>\n\t\t\t\t\t<\/div>\n\t\t<\/div>\n\t\t\t\t\t\t\t\t<\/div>\n\t\t\t\t\t<\/div>\n\t\t<\/section>\n\t\t\t\t\t\t<\/div>\n\t\t\t\t\t\t<\/div>\n\t\t\t\t\t<\/div>","protected":false},"excerpt":{"rendered":"<p>Ceraso &#8211; Velia Il Parco Nazionale del Cilento, Vallo di Diano e Alburni \u00e8 un\u2019area naturale protetta che corrisponde alla parte meridionale della provincia di Salerno, compresa tra la piana del Sele a nord, la Basilicata a est e a sud e il mar Tirreno ad ovest. Dal 1997 \u00e8 Riserva della biosfera e dal [&hellip;]<\/p>","protected":false},"author":1,"featured_media":21861,"parent":0,"menu_order":0,"comment_status":"closed","ping_status":"closed","template":"","meta":{"_exactmetrics_skip_tracking":false,"_exactmetrics_sitenote_active":false,"_exactmetrics_sitenote_note":"","_exactmetrics_sitenote_category":0,"footnotes":""},"class_list":["post-21654","page","type-page","status-publish","has-post-thumbnail","hentry"],"yoast_head":"<!-- This site is optimized with the Yoast SEO plugin v25.3 - https:\/\/yoast.com\/wordpress\/plugins\/seo\/ -->\n<title>Ceraso - Velia - Campania in Cammino<\/title>\n<meta name=\"description\" content=\"Il Parco Nazionale del Cilento, Vallo di Diano e Alburni \u00e8 un\u2019area naturale protetta che corrisponde alla parte meridionale della provincia di Salerno, compresa tra la piana del Sele a nord, la Basilicata a est e a sud e il mar Tirreno ad ovest.\" \/>\n<meta name=\"robots\" content=\"index, follow, max-snippet:-1, max-image-preview:large, max-video-preview:-1\" \/>\n<link rel=\"canonical\" href=\"https:\/\/www.campaniaincammino.it\/de\/ceraso-velia\/\" \/>\n<meta property=\"og:locale\" content=\"de_DE\" \/>\n<meta property=\"og:type\" content=\"article\" \/>\n<meta property=\"og:title\" content=\"Ceraso - Velia - Campania in Cammino\" \/>\n<meta property=\"og:description\" content=\"Il Parco Nazionale del Cilento, Vallo di Diano e Alburni \u00e8 un\u2019area naturale protetta che corrisponde alla parte meridionale della provincia di Salerno, compresa tra la piana del Sele a nord, la Basilicata a est e a sud e il mar Tirreno ad ovest.\" \/>\n<meta property=\"og:url\" content=\"https:\/\/www.campaniaincammino.it\/de\/ceraso-velia\/\" \/>\n<meta property=\"og:site_name\" content=\"Campania in Cammino\" \/>\n<meta property=\"article:publisher\" content=\"https:\/\/www.facebook.com\/campania.in.cammino.official\" \/>\n<meta property=\"article:modified_time\" content=\"2022-05-31T12:38:07+00:00\" \/>\n<meta property=\"og:image\" content=\"https:\/\/www.campaniaincammino.it\/wp-content\/uploads\/2022\/04\/img-slide-ceraso-velia.jpg\" \/>\n\t<meta property=\"og:image:width\" content=\"1920\" \/>\n\t<meta property=\"og:image:height\" content=\"766\" \/>\n\t<meta property=\"og:image:type\" content=\"image\/jpeg\" \/>\n<meta name=\"twitter:card\" content=\"summary_large_image\" \/>\n<meta name=\"twitter:label1\" content=\"Gesch\u00e4tzte Lesezeit\" \/>\n\t<meta name=\"twitter:data1\" content=\"5\u00a0Minuten\" \/>\n<script type=\"application\/ld+json\" class=\"yoast-schema-graph\">{\"@context\":\"https:\/\/schema.org\",\"@graph\":[{\"@type\":\"WebPage\",\"@id\":\"https:\/\/www.campaniaincammino.it\/ceraso-velia\/\",\"url\":\"https:\/\/www.campaniaincammino.it\/ceraso-velia\/\",\"name\":\"Ceraso - Velia - Campania in Cammino\",\"isPartOf\":{\"@id\":\"https:\/\/www.campaniaincammino.it\/#website\"},\"primaryImageOfPage\":{\"@id\":\"https:\/\/www.campaniaincammino.it\/ceraso-velia\/#primaryimage\"},\"image\":{\"@id\":\"https:\/\/www.campaniaincammino.it\/ceraso-velia\/#primaryimage\"},\"thumbnailUrl\":\"https:\/\/www.campaniaincammino.it\/wp-content\/uploads\/2022\/04\/img-slide-ceraso-velia.jpg\",\"datePublished\":\"2022-04-28T11:48:31+00:00\",\"dateModified\":\"2022-05-31T12:38:07+00:00\",\"description\":\"Il Parco Nazionale del Cilento, Vallo di Diano e Alburni \u00e8 un\u2019area naturale protetta che corrisponde alla parte meridionale della provincia di Salerno, compresa tra la piana del Sele a nord, la Basilicata a est e a sud e il mar Tirreno ad ovest.\",\"breadcrumb\":{\"@id\":\"https:\/\/www.campaniaincammino.it\/ceraso-velia\/#breadcrumb\"},\"inLanguage\":\"de\",\"potentialAction\":[{\"@type\":\"ReadAction\",\"target\":[\"https:\/\/www.campaniaincammino.it\/ceraso-velia\/\"]}]},{\"@type\":\"ImageObject\",\"inLanguage\":\"de\",\"@id\":\"https:\/\/www.campaniaincammino.it\/ceraso-velia\/#primaryimage\",\"url\":\"https:\/\/www.campaniaincammino.it\/wp-content\/uploads\/2022\/04\/img-slide-ceraso-velia.jpg\",\"contentUrl\":\"https:\/\/www.campaniaincammino.it\/wp-content\/uploads\/2022\/04\/img-slide-ceraso-velia.jpg\",\"width\":1920,\"height\":766},{\"@type\":\"BreadcrumbList\",\"@id\":\"https:\/\/www.campaniaincammino.it\/ceraso-velia\/#breadcrumb\",\"itemListElement\":[{\"@type\":\"ListItem\",\"position\":1,\"name\":\"Home\",\"item\":\"https:\/\/www.campaniaincammino.it\/\"},{\"@type\":\"ListItem\",\"position\":2,\"name\":\"Ceraso &#8211; Velia\"}]},{\"@type\":\"WebSite\",\"@id\":\"https:\/\/www.campaniaincammino.it\/#website\",\"url\":\"https:\/\/www.campaniaincammino.it\/\",\"name\":\"Campania in Cammino\",\"description\":\"\",\"publisher\":{\"@id\":\"https:\/\/www.campaniaincammino.it\/#organization\"},\"potentialAction\":[{\"@type\":\"SearchAction\",\"target\":{\"@type\":\"EntryPoint\",\"urlTemplate\":\"https:\/\/www.campaniaincammino.it\/?s={search_term_string}\"},\"query-input\":{\"@type\":\"PropertyValueSpecification\",\"valueRequired\":true,\"valueName\":\"search_term_string\"}}],\"inLanguage\":\"de\"},{\"@type\":\"Organization\",\"@id\":\"https:\/\/www.campaniaincammino.it\/#organization\",\"name\":\"Campania in Cammino\",\"url\":\"https:\/\/www.campaniaincammino.it\/\",\"logo\":{\"@type\":\"ImageObject\",\"inLanguage\":\"de\",\"@id\":\"https:\/\/www.campaniaincammino.it\/#\/schema\/logo\/image\/\",\"url\":\"http:\/\/www.campaniaincammino.it\/wp-content\/uploads\/2021\/07\/logo-campaniaincammino.png\",\"contentUrl\":\"http:\/\/www.campaniaincammino.it\/wp-content\/uploads\/2021\/07\/logo-campaniaincammino.png\",\"width\":500,\"height\":200,\"caption\":\"Campania in Cammino\"},\"image\":{\"@id\":\"https:\/\/www.campaniaincammino.it\/#\/schema\/logo\/image\/\"},\"sameAs\":[\"https:\/\/www.facebook.com\/campania.in.cammino.official\",\"https:\/\/www.instagram.com\/campania_incammino\/\"]}]}<\/script>\n<!-- \/ Yoast SEO plugin. -->","yoast_head_json":{"title":"Ceraso - Velia - Campania in Cammino","description":"Il Parco Nazionale del Cilento, Vallo di Diano e Alburni \u00e8 un\u2019area naturale protetta che corrisponde alla parte meridionale della provincia di Salerno, compresa tra la piana del Sele a nord, la Basilicata a est e a sud e il mar Tirreno ad ovest.","robots":{"index":"index","follow":"follow","max-snippet":"max-snippet:-1","max-image-preview":"max-image-preview:large","max-video-preview":"max-video-preview:-1"},"canonical":"https:\/\/www.campaniaincammino.it\/de\/ceraso-velia\/","og_locale":"de_DE","og_type":"article","og_title":"Ceraso - Velia - Campania in Cammino","og_description":"Il Parco Nazionale del Cilento, Vallo di Diano e Alburni \u00e8 un\u2019area naturale protetta che corrisponde alla parte meridionale della provincia di Salerno, compresa tra la piana del Sele a nord, la Basilicata a est e a sud e il mar Tirreno ad ovest.","og_url":"https:\/\/www.campaniaincammino.it\/de\/ceraso-velia\/","og_site_name":"Campania in Cammino","article_publisher":"https:\/\/www.facebook.com\/campania.in.cammino.official","article_modified_time":"2022-05-31T12:38:07+00:00","og_image":[{"width":1920,"height":766,"url":"https:\/\/www.campaniaincammino.it\/wp-content\/uploads\/2022\/04\/img-slide-ceraso-velia.jpg","type":"image\/jpeg"}],"twitter_card":"summary_large_image","twitter_misc":{"Gesch\u00e4tzte Lesezeit":"5\u00a0Minuten"},"schema":{"@context":"https:\/\/schema.org","@graph":[{"@type":"WebPage","@id":"https:\/\/www.campaniaincammino.it\/ceraso-velia\/","url":"https:\/\/www.campaniaincammino.it\/ceraso-velia\/","name":"Ceraso - Velia - Campania in Cammino","isPartOf":{"@id":"https:\/\/www.campaniaincammino.it\/#website"},"primaryImageOfPage":{"@id":"https:\/\/www.campaniaincammino.it\/ceraso-velia\/#primaryimage"},"image":{"@id":"https:\/\/www.campaniaincammino.it\/ceraso-velia\/#primaryimage"},"thumbnailUrl":"https:\/\/www.campaniaincammino.it\/wp-content\/uploads\/2022\/04\/img-slide-ceraso-velia.jpg","datePublished":"2022-04-28T11:48:31+00:00","dateModified":"2022-05-31T12:38:07+00:00","description":"Il Parco Nazionale del Cilento, Vallo di Diano e Alburni \u00e8 un\u2019area naturale protetta che corrisponde alla parte meridionale della provincia di Salerno, compresa tra la piana del Sele a nord, la Basilicata a est e a sud e il mar Tirreno ad ovest.","breadcrumb":{"@id":"https:\/\/www.campaniaincammino.it\/ceraso-velia\/#breadcrumb"},"inLanguage":"de","potentialAction":[{"@type":"ReadAction","target":["https:\/\/www.campaniaincammino.it\/ceraso-velia\/"]}]},{"@type":"ImageObject","inLanguage":"de","@id":"https:\/\/www.campaniaincammino.it\/ceraso-velia\/#primaryimage","url":"https:\/\/www.campaniaincammino.it\/wp-content\/uploads\/2022\/04\/img-slide-ceraso-velia.jpg","contentUrl":"https:\/\/www.campaniaincammino.it\/wp-content\/uploads\/2022\/04\/img-slide-ceraso-velia.jpg","width":1920,"height":766},{"@type":"BreadcrumbList","@id":"https:\/\/www.campaniaincammino.it\/ceraso-velia\/#breadcrumb","itemListElement":[{"@type":"ListItem","position":1,"name":"Home","item":"https:\/\/www.campaniaincammino.it\/"},{"@type":"ListItem","position":2,"name":"Ceraso &#8211; Velia"}]},{"@type":"WebSite","@id":"https:\/\/www.campaniaincammino.it\/#website","url":"https:\/\/www.campaniaincammino.it\/","name":"Campania in Cammino","description":"","publisher":{"@id":"https:\/\/www.campaniaincammino.it\/#organization"},"potentialAction":[{"@type":"SearchAction","target":{"@type":"EntryPoint","urlTemplate":"https:\/\/www.campaniaincammino.it\/?s={search_term_string}"},"query-input":{"@type":"PropertyValueSpecification","valueRequired":true,"valueName":"search_term_string"}}],"inLanguage":"de"},{"@type":"Organization","@id":"https:\/\/www.campaniaincammino.it\/#organization","name":"Campania in Cammino","url":"https:\/\/www.campaniaincammino.it\/","logo":{"@type":"ImageObject","inLanguage":"de","@id":"https:\/\/www.campaniaincammino.it\/#\/schema\/logo\/image\/","url":"http:\/\/www.campaniaincammino.it\/wp-content\/uploads\/2021\/07\/logo-campaniaincammino.png","contentUrl":"http:\/\/www.campaniaincammino.it\/wp-content\/uploads\/2021\/07\/logo-campaniaincammino.png","width":500,"height":200,"caption":"Campania in Cammino"},"image":{"@id":"https:\/\/www.campaniaincammino.it\/#\/schema\/logo\/image\/"},"sameAs":["https:\/\/www.facebook.com\/campania.in.cammino.official","https:\/\/www.instagram.com\/campania_incammino\/"]}]}},"_links":{"self":[{"href":"https:\/\/www.campaniaincammino.it\/de\/wp-json\/wp\/v2\/pages\/21654","targetHints":{"allow":["GET"]}}],"collection":[{"href":"https:\/\/www.campaniaincammino.it\/de\/wp-json\/wp\/v2\/pages"}],"about":[{"href":"https:\/\/www.campaniaincammino.it\/de\/wp-json\/wp\/v2\/types\/page"}],"author":[{"embeddable":true,"href":"https:\/\/www.campaniaincammino.it\/de\/wp-json\/wp\/v2\/users\/1"}],"replies":[{"embeddable":true,"href":"https:\/\/www.campaniaincammino.it\/de\/wp-json\/wp\/v2\/comments?post=21654"}],"version-history":[{"count":18,"href":"https:\/\/www.campaniaincammino.it\/de\/wp-json\/wp\/v2\/pages\/21654\/revisions"}],"predecessor-version":[{"id":22494,"href":"https:\/\/www.campaniaincammino.it\/de\/wp-json\/wp\/v2\/pages\/21654\/revisions\/22494"}],"wp:featuredmedia":[{"embeddable":true,"href":"https:\/\/www.campaniaincammino.it\/de\/wp-json\/wp\/v2\/media\/21861"}],"wp:attachment":[{"href":"https:\/\/www.campaniaincammino.it\/de\/wp-json\/wp\/v2\/media?parent=21654"}],"curies":[{"name":"wp","href":"https:\/\/api.w.org\/{rel}","templated":true}]}}